{"id":931,"date":"2025-06-05T10:47:18","date_gmt":"2025-06-05T08:47:18","guid":{"rendered":"https:\/\/perl-asso22.fr\/site2025\/?page_id=931"},"modified":"2026-02-13T15:09:52","modified_gmt":"2026-02-13T14:09:52","slug":"medias","status":"publish","type":"page","link":"https:\/\/www.perl-asso22.fr\/?page_id=931","title":{"rendered":"M\u00e9dias"},"content":{"rendered":"\n<h3 class=\"wp-block-heading has-text-align-center has-text-color has-link-color wp-elements-ed2494000c2efd3dc648e264398aae38\" style=\"color:#d28a42\">LES M\u00c9DIAS<\/h3>\n\n\n\n<hr class=\"wp-block-separator has-alpha-channel-opacity\"\/>\n\n\n\n<h3 class=\"wp-block-heading has-text-align-center has-text-color has-link-color wp-elements-05ef2ebad427b3210e331e6c25036eba\" style=\"color:#d28a42\"><strong>Septembre 2025&nbsp;:<\/strong><\/h3>\n\n\n\n<p class=\"has-text-align-left has-text-color has-link-color wp-elements-e5874514f87fd8b6abf6df89a8e9c29a\" style=\"color:#d28a42\"><strong>* Coll\u00e8ges du d\u00e9partement &#8211; Le T\u00e9l\u00e9gramme du 3 septembre 2025<\/strong><\/p>\n\n\n\n<p class=\"has-text-align-left\">\u00ab\u00a0Le D\u00e9partement d\u00e9fend son action pour les coll\u00e8ges\u00a0\u00bb, retrouvez l&rsquo;article :\u00a0<a href=\"https:\/\/www.perl-asso22.fr\/wp-content\/uploads\/2025\/09\/Le-Departement-defend-son-action-pour-les-colleges-Le-Telegramme-03092025-1.pdf\" target=\"_blank\" rel=\"noreferrer noopener\">ICI<\/a><\/p>\n\n\n\n<p class=\"has-text-align-left has-text-color has-link-color wp-elements-afbf7fdec3915f94739a30c3a88ddd41\" style=\"color:#d28a42\"><strong>* Coll\u00e8ge Les Sept Iles &#8211; Le Ouest-France du 2 septembre 2025<\/strong><\/p>\n\n\n\n<p class=\"has-text-align-left\">\u00ab\u00a0Les \u00e9l\u00e8ves de 6\u00e8 vont d\u00e9couvrir la r\u00e9serve naturelle\u00a0\u00bb, retrouvez l&rsquo;article :&nbsp;<a href=\"https:\/\/www.perl-asso22.fr\/wp-content\/uploads\/2025\/09\/Les-7-Iles-Ouest-France-02092025.pdf\" target=\"_blank\" rel=\"noreferrer noopener\">ICI<\/a><\/p>\n\n\n\n<hr class=\"wp-block-separator has-alpha-channel-opacity\"\/>\n\n\n\n<h3 class=\"wp-block-heading has-text-align-center has-text-color has-link-color wp-elements-745813ddec86106828d69f00204e77a8\" style=\"color:#d28a42\"><strong>Ao\u00fbt 2025&nbsp;:<\/strong><\/h3>\n\n\n\n<p class=\"has-text-align-left has-text-color has-link-color wp-elements-b726de3211b351a7a858e3948b468c46\" style=\"color:#d28a42\"><strong>* Coll\u00e8ge Yves Coppens &#8211; Le T\u00e9l\u00e9gramme du 30 Ao\u00fbt 2025<\/strong><\/p>\n\n\n\n<p class=\"has-text-align-left\">\u00ab\u00a0Une nouvelle option au coll\u00e8ge Yves-Coppens\u00a0\u00bb, retrouvez l&rsquo;article :&nbsp;<a href=\"https:\/\/www.perl-asso22.fr\/wp-content\/uploads\/2025\/09\/Coppens-Le-Telegramme-30082025.pdf\" target=\"_blank\" rel=\"noreferrer noopener\">ICI<\/a><\/p>\n\n\n\n<p class=\"has-text-align-left has-text-color has-link-color wp-elements-504ed0321d4558e977ae1d1d2f543aa8\" style=\"color:#d28a42\"><strong>* Lyc\u00e9e F\u00e9lix Le Dantec &#8211; Le Ouest-France du 29 Ao\u00fbt 2025<\/strong><\/p>\n\n\n\n<p class=\"has-text-align-left\">\u00ab\u00a0Le Dantec : les fili\u00e8res technologiques attirent moins\u00a0\u00bb, retrouvez l&rsquo;article :&nbsp;<a href=\"https:\/\/www.perl-asso22.fr\/wp-content\/uploads\/2025\/09\/FLD-Ouest-France-29082025.pdf\" data-type=\"link\" data-id=\"https:\/\/www.perl-asso22.fr\/wp-content\/uploads\/2025\/09\/FLD-Ouest-France-29082025.pdf\" target=\"_blank\" rel=\"noreferrer noopener\">ICI<\/a><\/p>\n\n\n\n<p class=\"has-text-align-left has-text-color has-link-color wp-elements-a689f11278ce50782885da9b4629500c\" style=\"color:#d28a42\"><strong>* Coll\u00e8ge Charles Le Goffic &#8211; Le T\u00e9l\u00e9gramme du 29 Ao\u00fbt 2025<\/strong><\/p>\n\n\n\n<p class=\"has-text-align-left\">\u00ab\u00a0Une rentr\u00e9e \u00ab\u00a0sereine\u00a0\u00bb pour le coll\u00e8ge Le Goffic\u00a0\u00bb, retrouvez l&rsquo;article :&nbsp;<a href=\"https:\/\/www.perl-asso22.fr\/wp-content\/uploads\/2025\/09\/Le-Goffic-Le-Telegramme-29082025.pdf\" target=\"_blank\" rel=\"noreferrer noopener\">ICI<\/a><\/p>\n\n\n\n<p class=\"has-text-align-left has-text-color has-link-color wp-elements-2099d4acaf79db405a28f330615cf63f\" style=\"color:#d28a42\"><strong>* Coll\u00e8ge Yves Coppens &#8211; Le Ouest-France du 29 Ao\u00fbt 2025<\/strong><\/p>\n\n\n\n<p class=\"has-text-align-left\">\u00ab\u00a0Une nouvelle principale au coll\u00e8ge Coppens\u00a0\u00bb, retrouvez l&rsquo;article :&nbsp;<a href=\"https:\/\/www.perl-asso22.fr\/wp-content\/uploads\/2025\/09\/Coppens-Ouest-France-29082025.pdf\" target=\"_blank\" rel=\"noreferrer noopener\">ICI<\/a><\/p>\n\n\n\n<p class=\"has-text-align-left has-text-color has-link-color wp-elements-7b6070f340319876dca11cdfe1b808bf\" style=\"color:#d28a42\"><strong>* Coll\u00e8ge Les Sept Iles &#8211; Le T\u00e9l\u00e9gramme du 29 Ao\u00fbt 2025<\/strong><\/p>\n\n\n\n<p class=\"has-text-align-left\">\u00ab\u00a0Ollivier Briand, nouveau principal des Sept-\u00celes\u00a0\u00bb, retrouvez l&rsquo;article :&nbsp;<a href=\"https:\/\/www.perl-asso22.fr\/wp-content\/uploads\/2025\/09\/Les-7-Iles-Le-Telegramme-29082025.pdf\" target=\"_blank\" rel=\"noreferrer noopener\">ICI<\/a><\/p>\n\n\n\n<p class=\"has-text-align-left has-text-color has-link-color wp-elements-d5c216b8498e5ea3fb7b8af940ef32aa\" style=\"color:#d28a42\"><strong>* Coll\u00e8ge Charles Le Goffic &#8211; Le Ouest-France du 29 Ao\u00fbt 2025<\/strong><\/p>\n\n\n\n<p class=\"has-text-align-left\">\u00ab\u00a0Le coll\u00e8ge Le Goffic est par\u00e9 pour la rentr\u00e9e\u00a0\u00bb, retrouvez l&rsquo;article :&nbsp;<a href=\"https:\/\/www.perl-asso22.fr\/wp-content\/uploads\/2025\/09\/Le-Goffic-Ouest-France-29082025.pdf\" target=\"_blank\" rel=\"noreferrer noopener\">ICI<\/a><\/p>\n\n\n\n<p class=\"has-text-align-left has-text-color has-link-color wp-elements-9ec142e4a6cbd823e471fe307f77fa81\" style=\"color:#d28a42\"><strong>* Lyc\u00e9e F\u00e9lix Le Dantec &#8211; Le T\u00e9l\u00e9gramme du 28 Ao\u00fbt 2025<\/strong><\/p>\n\n\n\n<p class=\"has-text-align-left\">\u00ab\u00a0La direction du lyc\u00e9e F\u00e9lix-Le Dantec \u00e9volue\u00a0\u00bb, retrouvez l&rsquo;article :&nbsp;<a href=\"https:\/\/www.perl-asso22.fr\/wp-content\/uploads\/2025\/09\/FLD-Le-Telegramme-28082025.pdf\" target=\"_blank\" rel=\"noreferrer noopener\">ICI<\/a><\/p>\n\n\n\n<hr class=\"wp-block-separator has-alpha-channel-opacity\"\/>\n\n\n\n<h3 class=\"wp-block-heading has-text-align-center has-text-color has-link-color wp-elements-a9f824ad9548288bbe00f2551c58438e\" style=\"color:#d28a42\"><strong>Avril 2025&nbsp;:<\/strong><\/h3>\n\n\n\n<p class=\"has-text-align-left has-text-color has-link-color wp-elements-2514069230907f3b5fb50447f4eeba58\" style=\"color:#d28a42\"><strong>* Conf\u00e9rence PERL &#8211; Le T\u00e9l\u00e9gramme du 15 Avril 2025<\/strong><\/p>\n\n\n\n<p class=\"has-text-align-left\">\u00ab\u00a0Comment g\u00e9rer l&rsquo;addiction aux \u00e9crans ?\u00a0\u00bb, retrouvez l&rsquo;article :&nbsp;<a href=\"https:\/\/www.perl-asso22.fr\/Conf%C3%A9rence%20Addiction%20et%20%C3%A9crans%20-%20Le%20T%C3%A9l%C3%A9gramme%2015042025.pdf\" target=\"_blank\" rel=\"noreferrer noopener\">ICI<\/a><\/p>\n\n\n\n<p class=\"has-text-align-left has-text-color has-link-color wp-elements-7b267bba689f4a8e5ab231aed1f0cdfa\" style=\"color:#d28a42\"><strong>* Conf\u00e9rence PERL &#8211; Facebook Jeunesse et Sport Perros-Guirec du 14 Avril 2025<\/strong><\/p>\n\n\n\n<p class=\"has-text-align-left\">\u00ab\u00a0Addictions et \u00e9crans\u00a0\u00bb : je g\u00e8re ?\u00a0\u00bb, retrouvez l&rsquo;article :&nbsp;<a href=\"https:\/\/www.perl-asso22.fr\/Facebook%20Jeunesse%20&amp;%20Sports%20Perros-Guirec.png\" target=\"_blank\" rel=\"noreferrer noopener\">ICI<\/a><\/p>\n\n\n\n<p class=\"has-text-align-left has-text-color has-link-color wp-elements-fe06a1b8bcc5d1473a96f494aa308eee\" style=\"color:#d28a42\"><strong>* Conf\u00e9rence PERL &#8211; Instagram Jeunesse et Sport Perros-Guirec du 14 Avril 2025<\/strong><\/p>\n\n\n\n<p class=\"has-text-align-left\">\u00ab\u00a0Addictions et \u00e9crans\u00a0\u00bb : je g\u00e8re ?\u00a0\u00bb, retrouvez l&rsquo;article :&nbsp;<a href=\"https:\/\/www.perl-asso22.fr\/Instagram%20-%20Jeunesse%20&amp;%20Sport%20Perros-Guirec.pdf\" target=\"_blank\" rel=\"noreferrer noopener\">ICI<\/a><\/p>\n\n\n\n<p class=\"has-text-align-left has-text-color has-link-color wp-elements-6626139dd85edb478a9419d7f71b868e\" style=\"color:#d28a42\"><strong>* Conf\u00e9rence PERL &#8211; Le Ouest-France du 10 Avril 2025<\/strong><\/p>\n\n\n\n<p class=\"has-text-align-left\">\u00ab\u00a0Addictions et \u00e9crans\u00a0\u00bb : Conf\u00e9rence interactive le 23&Prime;, retrouvez l&rsquo;article :&nbsp;<a href=\"https:\/\/www.perl-asso22.fr\/Conf%C3%A9rence%20Addiction%20et%20%C3%A9crans%20-%20Ouest-France%2010042025.pdf\" target=\"_blank\" rel=\"noreferrer noopener\">ICI<\/a><\/p>\n\n\n\n<p class=\"has-text-align-left has-text-color has-link-color wp-elements-9a7653ff6ea29f24a730cfb5fb186510\" style=\"color:#d28a42\"><strong>* Conf\u00e9rence PERL &#8211; Le Tr\u00e9gor du 03 au 09 Avril 2025<\/strong><\/p>\n\n\n\n<p class=\"has-text-align-left\">Conf\u00e9rence \u00ab\u00a0Addictions et \u00e9crans : je g\u00e8re ?\u00a0\u00bb, retrouvez l&rsquo;article :&nbsp;<a href=\"https:\/\/www.perl-asso22.fr\/Conf%C3%A9rence%20Addiction%20et%20%C3%A9crans%20-%20Le%20Tr%C3%A9gor%2003042025.pdf\" target=\"_blank\" rel=\"noreferrer noopener\">ICI<\/a><\/p>\n\n\n\n<p class=\"has-text-align-left has-text-color has-link-color wp-elements-ae13370f64a4ebf6ebf8374eed081b4d\" style=\"color:#d28a42\"><strong>* La lettre du C.I.O &#8211; Avril 2025<\/strong><\/p>\n\n\n\n<p class=\"has-text-align-left\">Retrouvez l&rsquo;article :&nbsp;<a href=\"https:\/\/www.perl-asso22.fr\/LETTRE_CIO_LANNION_avril_2025.pdf\" target=\"_blank\" rel=\"noreferrer noopener\">ICI<\/a><\/p>\n\n\n\n<hr class=\"wp-block-separator has-alpha-channel-opacity\"\/>\n\n\n\n<h3 class=\"wp-block-heading has-text-align-center has-text-color has-link-color wp-elements-d4ca3205b5f4037cbdf86e48b98c3aa2\" style=\"color:#d28a42\"><strong>Mars 2025&nbsp;:<\/strong><\/h3>\n\n\n\n<p class=\"has-text-align-left has-text-color has-link-color wp-elements-e4b1ca6312e8fba5a884bfebb6b04cb5\" style=\"color:#d28a42\"><strong>* La lettre du C.I.O &#8211; Mars 2025<\/strong><\/p>\n\n\n\n<p class=\"has-text-align-left\">Retrouvez l&rsquo;article :&nbsp;<a href=\"https:\/\/www.perl-asso22.fr\/LETTRE_CIO_LANNION_Lycee_Mars_25.pdf\" target=\"_blank\" rel=\"noreferrer noopener\">ICI<\/a><\/p>\n\n\n\n<hr class=\"wp-block-separator has-alpha-channel-opacity\"\/>\n\n\n\n<h3 class=\"wp-block-heading has-text-align-center has-text-color has-link-color wp-elements-668dd029bbde00bba7e33161b513b870\" style=\"color:#d28a42\"><strong>F\u00e9vrier 2025&nbsp;:<\/strong><\/h3>\n\n\n\n<p class=\"has-text-align-left has-text-color has-link-color wp-elements-9a1c9d965869b4a5156c93cfcecd4450\" style=\"color:#d28a42\"><strong>* La lettre du C.I.O &#8211; F\u00e9vrier 2025<\/strong><\/p>\n\n\n\n<p class=\"has-text-align-left\">Retrouvez l&rsquo;article :&nbsp;<a href=\"https:\/\/www.perl-asso22.fr\/LETTRE_CIO_Lannion_Fevrier_2025.pdf\" target=\"_blank\" rel=\"noreferrer noopener\">ICI<\/a><\/p>\n\n\n\n<hr class=\"wp-block-separator has-alpha-channel-opacity\"\/>\n\n\n\n<h3 class=\"wp-block-heading has-text-align-center has-text-color has-link-color wp-elements-397b645c9d1a97ccf88b2accec7e342c\" style=\"color:#d28a42\"><strong>Janvier 2025&nbsp;:<\/strong><\/h3>\n\n\n\n<p class=\"has-text-align-left has-text-color has-link-color wp-elements-75825bb705a95c43ab3dc612899de9ca\" style=\"color:#d28a42\"><strong>* La lettre du C.I.O &#8211; Janvier 2025<\/strong><\/p>\n\n\n\n<p class=\"has-text-align-left\">Retrouvez l&rsquo;article :&nbsp;<a href=\"https:\/\/www.perl-asso22.fr\/Lettre_CIO_LANNION_Janv_2025.pdf\" target=\"_blank\" rel=\"noreferrer noopener\">ICI<\/a><\/p>\n\n\n\n<hr class=\"wp-block-separator has-alpha-channel-opacity\"\/>\n\n\n\n<h3 class=\"wp-block-heading has-text-align-center has-text-color has-link-color wp-elements-4430bb7b4eba41d9667926828adca1dc\" style=\"color:#d28a42\"><strong>D\u00e9cembre 2024&nbsp;:<\/strong><\/h3>\n\n\n\n<p class=\"has-text-align-left has-text-color has-link-color wp-elements-b7827cd42586a0ab82fd091ba349f1fc\" style=\"color:#d28a42\"><strong>* La lettre du C.I.O &#8211; D\u00e9cembre 2024<\/strong><\/p>\n\n\n\n<p class=\"has-text-align-left\">Retrouvez l&rsquo;article :&nbsp;<a href=\"https:\/\/www.perl-asso22.fr\/Lettre_CIO_LANNION_Dec_2024.pdf\" target=\"_blank\" rel=\"noreferrer noopener\">ICI<\/a><\/p>\n\n\n\n<hr class=\"wp-block-separator has-alpha-channel-opacity\"\/>\n\n\n\n<h3 class=\"wp-block-heading has-text-align-center has-text-color has-link-color wp-elements-a99dde6b98371980d7a2eba52371edb8\" style=\"color:#d28a42\"><strong>Novembre 2024&nbsp;:<\/strong><\/h3>\n\n\n\n<p class=\"has-text-align-left has-text-color has-link-color wp-elements-a11bfddc82574768b2b31466836c5ee4\" style=\"color:#d28a42\"><strong>* Lyc\u00e9e F\u00e9lix Le Dantec &#8211; Le T\u00e9l\u00e9gramme du 28 Novembre 2024<\/strong><\/p>\n\n\n\n<p class=\"has-text-align-left\">\u00ab\u00a0Lyc\u00e9e Le Dantec : la R\u00e9gion rassure sur les finances\u00a0\u00bb, retrouvez l&rsquo;article :&nbsp;<a href=\"https:\/\/www.perl-asso22.fr\/Lyc%C3%A9e%20F%C3%A9lix%20Le%20Dantec%20-%20Le%20T%C3%A9l%C3%A9gramme%2028112024.pdf\" target=\"_blank\" rel=\"noreferrer noopener\">ICI<\/a><\/p>\n\n\n\n<p class=\"has-text-align-left has-text-color has-link-color wp-elements-59d50285b1cc897adc370e29d849b148\" style=\"color:#d28a42\"><strong>* Lyc\u00e9e F\u00e9lix Le Dantec &#8211; Le Ouest-France du 27 Novembre 2024<\/strong><\/p>\n\n\n\n<p class=\"has-text-align-left\">\u00ab\u00a0La R\u00e9gion tient \u00e0 rassurer le lyc\u00e9e Le Dantec\u00a0\u00bb, retrouvez l&rsquo;article :&nbsp;<a href=\"https:\/\/www.perl-asso22.fr\/Lyc%C3%A9e%20F%C3%A9lix%20Le%20Dantec%20-%20Ouest-France%2027112024.pdf\" target=\"_blank\" rel=\"noreferrer noopener\">ICI<\/a><\/p>\n\n\n\n<p class=\"has-text-align-left has-text-color has-link-color wp-elements-83df941d75ba4e61fc79b09dbeabe3ad\" style=\"color:#d28a42\"><strong>* Lyc\u00e9e F\u00e9lix Le Dantec &#8211; Le Ouest-France (Web) du 26 Novembre 2024<\/strong><\/p>\n\n\n\n<p class=\"has-text-align-left\">\u00ab\u00a0Face \u00e0 la situation financi\u00e8re du lyc\u00e9e F\u00e9lix-Le Dantec \u00e0 Lannion, la R\u00e9gion se veut rassurante\u00a0\u00bb, retrouvez l&rsquo;article :&nbsp;<a href=\"https:\/\/www.perl-asso22.fr\/Lyc%C3%A9e%20F%C3%A9lix%20Le%20Dantec%20-%20Ouest-France%20Web%2026112024.pdf\" target=\"_blank\" rel=\"noreferrer noopener\">ICI<\/a><\/p>\n\n\n\n<p class=\"has-text-align-left has-text-color has-link-color wp-elements-b50257e102ce585d490165b170150fe7\" style=\"color:#d28a42\"><strong>* Lyc\u00e9e F\u00e9lix Le Dantec &#8211; Le Ouest-France du 21 Novembre 2024<\/strong><\/p>\n\n\n\n<p class=\"has-text-align-left\">\u00ab\u00a0Un jeu vid\u00e9o pour apprivoiser l&rsquo;Europe au lyc\u00e9e\u00a0\u00bb, retrouvez l&rsquo;article :&nbsp;<a href=\"https:\/\/www.perl-asso22.fr\/Lyc%C3%A9e%20F%C3%A9lix%20Le%20Dantec%20-%20Ouest-France%2021112024.pdf\" target=\"_blank\" rel=\"noreferrer noopener\">ICI<\/a><\/p>\n\n\n\n<p class=\"has-text-align-left has-text-color has-link-color wp-elements-5a90e5640079c88e2d49bddf6ba6f8cf\" style=\"color:#d28a42\"><strong>* Lyc\u00e9e F\u00e9lix Le Dantec &#8211; Le T\u00e9l\u00e9gramme du 20 Novembre 2024<\/strong><\/p>\n\n\n\n<p class=\"has-text-align-left\">\u00ab\u00a0Des lyc\u00e9ens testent un jeu vid\u00e9o sur l&rsquo;Europe\u00a0\u00bb, retrouvez l&rsquo;article :&nbsp;<a href=\"https:\/\/www.perl-asso22.fr\/Lyc%C3%A9e%20F%C3%A9lix%20Le%20Dantec%20-%20Le%20T%C3%A9l%C3%A9gramme%2020112024.pdf\" target=\"_blank\" rel=\"noreferrer noopener\">ICI<\/a><\/p>\n\n\n\n<p class=\"has-text-align-left has-text-color has-link-color wp-elements-df15b84a8abae17df5695a7c618e93aa\" style=\"color:#d28a42\"><strong>* Lyc\u00e9e F\u00e9lix Le Dantec &#8211; Le Ouest-France des 16-17 Novembre 2024<\/strong><\/p>\n\n\n\n<p class=\"has-text-align-left\">\u00ab\u00a0La situation financi\u00e8re complexe du lyc\u00e9e Le Dantec\u00a0\u00bb, retrouvez l&rsquo;article :&nbsp;<a href=\"https:\/\/www.perl-asso22.fr\/Lyc%C3%A9e%20F%C3%A9lix%20Le%20Dantec%20-%20Ouest-France%2016&amp;17112024.pdf\" target=\"_blank\" rel=\"noreferrer noopener\">ICI<\/a><\/p>\n\n\n\n<p class=\"has-text-align-left has-text-color has-link-color wp-elements-c4df2c2d8460b6b623f8104df7eab922\" style=\"color:#d28a42\"><strong>* Lyc\u00e9e F\u00e9lix Le Dantec &#8211; Le T\u00e9l\u00e9gramme du 15 Novembre 2024<\/strong><\/p>\n\n\n\n<p class=\"has-text-align-left\">\u00ab\u00a0La suppression d&rsquo;une subvention inqui\u00e8te au lyc\u00e9e Le Dantec\u00a0\u00bb, retrouvez l&rsquo;article :&nbsp;<a href=\"https:\/\/www.perl-asso22.fr\/Lyc%C3%A9e%20F%C3%A9lix%20Le%20Dantec%20-%20Le%20T%C3%A9l%C3%A9gramme%2015112024.pdf\" target=\"_blank\" rel=\"noreferrer noopener\">ICI<\/a><\/p>\n\n\n\n<p class=\"has-text-align-left has-text-color has-link-color wp-elements-7af4449660a78ebc3b818e66a37ac9ba\" style=\"color:#d28a42\"><strong>* Lyc\u00e9e F\u00e9lix Le Dantec &#8211; Le Tr\u00e9gor du 14 au 20 Novembre 2024<\/strong><\/p>\n\n\n\n<p class=\"has-text-align-left\">\u00ab\u00a0Le lyc\u00e9e en appelle \u00e0 la R\u00e9gion\u00a0\u00bb, retrouvez l&rsquo;article :&nbsp;<a href=\"https:\/\/www.perl-asso22.fr\/Lyc%C3%A9e%20F%C3%A9lix%20Le%20Dantec%20-%20Le%20Tr%C3%A9gor%2014112024.pdf\" target=\"_blank\" rel=\"noreferrer noopener\">ICI<\/a><\/p>\n\n\n\n<p class=\"has-text-align-left has-text-color has-link-color wp-elements-edea1c437c9a4ef02d050a842d8f9270\" style=\"color:#d28a42\"><strong>* Lyc\u00e9e F\u00e9lix Le Dantec &#8211; Le Ouest-France (web) du 14 Novembre 2024<\/strong><\/p>\n\n\n\n<p class=\"has-text-align-left\">\u00a0\u00bb\u00a0\u00bbDifficile de changer une serrure\u00a0\u00bb : le lyc\u00e9e de Lannion traverse une situation financi\u00e8re tendue\u00a0\u00bb, retrouvez l&rsquo;article :&nbsp;<a href=\"https:\/\/www.perl-asso22.fr\/Lyc%C3%A9e%20F%C3%A9lix%20Le%20Dantec%20-%20Ouest-France%20Web%2014112024.pdf\" target=\"_blank\" rel=\"noreferrer noopener\">ICI<\/a><\/p>\n\n\n\n<p class=\"has-text-align-left has-text-color has-link-color wp-elements-5c0e2c43df100422f7b5c4e687c2cc9a\" style=\"color:#d28a42\"><strong>* Lyc\u00e9e F\u00e9lix Le Dantec &#8211; Le T\u00e9l\u00e9gramme (web) du 13 Novembre 2024<\/strong><\/p>\n\n\n\n<p class=\"has-text-align-left\">\u00ab\u00a0La suppression d&rsquo;une subvention inqui\u00e8te au lyc\u00e9e Le Dantec de Lannion\u00a0\u00bb, retrouvez l&rsquo;article :&nbsp;<a href=\"https:\/\/www.perl-asso22.fr\/Lyc%C3%A9e%20F%C3%A9lix%20Le%20Dantec%20-%20Le%20T%C3%A9l%C3%A9gramme%2013112024.pdf\" target=\"_blank\" rel=\"noreferrer noopener\">ICI<\/a><\/p>\n\n\n\n<p class=\"has-text-align-left has-text-color has-link-color wp-elements-3610f4f5e096da29ed1fdda910e73bd1\" style=\"color:#d28a42\"><strong>* La lettre du C.I.O &#8211; Novembre 2024<\/strong><\/p>\n\n\n\n<p class=\"has-text-align-left\">Retrouvez l&rsquo;article :&nbsp;<a href=\"https:\/\/www.perl-asso22.fr\/Lettre_CIO_LANNION_Nov_2024.pdf\" target=\"_blank\" rel=\"noreferrer noopener\">ICI<\/a><\/p>\n\n\n\n<hr class=\"wp-block-separator has-alpha-channel-opacity\"\/>\n\n\n\n<h3 class=\"wp-block-heading has-text-align-center has-text-color has-link-color wp-elements-0c7489cf037d7243bc51357eb51efc68\" style=\"color:#d28a42\"><strong>Octobre 2024&nbsp;:<\/strong><\/h3>\n\n\n\n<p class=\"has-text-align-left has-text-color has-link-color wp-elements-7d6ff479744928f9ba3f09e7bf5f765d\" style=\"color:#d28a42\"><strong>* Lyc\u00e9e F\u00e9lix Le Dantec &#8211; Magazine Igwann (Automne 2024)<\/strong><\/p>\n\n\n\n<p class=\"has-text-align-left\">\u00ab\u00a0Le lyc\u00e9e F\u00e9lix Le Dantec un monde de possibilit\u00e9s !\u00a0\u00bb, retrouvez l&rsquo;article :&nbsp;<a href=\"https:\/\/www.perl-asso22.fr\/IGWANN%20Automne%202024%20-%20LYCEE%20FELIX%20LE%20DANTEC.pdf\" target=\"_blank\" rel=\"noreferrer noopener\">ICI<\/a><\/p>\n\n\n\n<p class=\"has-text-align-left has-text-color has-link-color wp-elements-0e94aeecc59e7deb0468cfb34ddc922b\" style=\"color:#d28a42\"><strong>* La lettre du C.I.O &#8211; Octobre 2024<\/strong><\/p>\n\n\n\n<p class=\"has-text-align-left\">Retrouvez l&rsquo;article :&nbsp;<a href=\"https:\/\/www.perl-asso22.fr\/Lettre_CIO_LANNION_Oct_2024.pdf\" target=\"_blank\" rel=\"noreferrer noopener\">ICI<\/a><\/p>\n\n\n\n<p class=\"has-text-align-left has-text-color has-link-color wp-elements-493464c6b47eb6133d1e0e2a5d93d4e4\" style=\"color:#d28a42\"><strong>* Lyc\u00e9e F\u00e9lix Le Dantec &#8211; Le Ouest-France du 23 Octobre 2024<\/strong><\/p>\n\n\n\n<p class=\"has-text-align-left\">\u00ab\u00a0Un partenariat avec Orange autour du num\u00e9rique\u00a0\u00bb, retrouvez l&rsquo;article :&nbsp;<a href=\"https:\/\/www.perl-asso22.fr\/Lyc%C3%A9e%20F%C3%A9lix%20Le%20Dantec%20-%20Ouest-France%2023102024.pdf\" target=\"_blank\" rel=\"noreferrer noopener\">ICI<\/a><\/p>\n\n\n\n<p class=\"has-text-align-left has-text-color has-link-color wp-elements-9bdf56156dd6775c5979e38bad524041\" style=\"color:#d28a42\"><strong>* Lyc\u00e9e F\u00e9lix Le Dantec &#8211; Le T\u00e9l\u00e9gramme du 21 Octobre 2024<\/strong><\/p>\n\n\n\n<p class=\"has-text-align-left\">\u00ab\u00a0A F\u00e9lix-Le Dantec, on forme \u00a0\u00bbles jeunes d\u00e9favoris\u00e9s au num\u00e9rique\u00a0\u00bb\u00a0\u00bb, retrouvez l&rsquo;article :&nbsp;<a href=\"https:\/\/www.perl-asso22.fr\/Lyc%C3%A9e%20F%C3%A9lix%20Le%20Dantec%20-%20T%C3%A9l%C3%A9gramme%2021102024.pdf\" target=\"_blank\" rel=\"noreferrer noopener\">ICI<\/a><\/p>\n\n\n\n<p class=\"has-text-align-left has-text-color has-link-color wp-elements-1d28e0aeff88a9db155e11def8fc02a5\" style=\"color:#d28a42\"><strong>* Coll\u00e8ge Yves Coppens &#8211; Le Ouest-France du 16 Octobre 2024<\/strong><\/p>\n\n\n\n<p class=\"has-text-align-left\">\u00ab\u00a0Coppens garde une fen\u00eatre ouverte sur l&rsquo;Europe\u00a0\u00bb, retrouvez l&rsquo;article :&nbsp;<a href=\"https:\/\/www.perl-asso22.fr\/Coll%C3%A8ge%20Yves%20Coppens%20-%20Ouest-France%2016102024.pdf\" target=\"_blank\" rel=\"noreferrer noopener\">ICI<\/a><\/p>\n\n\n\n<hr class=\"wp-block-separator has-alpha-channel-opacity\"\/>\n\n\n\n<h3 class=\"wp-block-heading has-text-align-center has-text-color has-link-color wp-elements-6679b3ffdc06eb8d0875b6b421c6b486\" style=\"color:#d28a42\"><strong>Septembre 2024&nbsp;:<\/strong><\/h3>\n\n\n\n<p class=\"has-text-align-left has-text-color has-link-color wp-elements-987c3f2e052c9e37b1e7cae953ae7fae\" style=\"color:#d28a42\"><strong>* INSEE &#8211; Analyses Bretagne &#8211; N\u00b0 130 de Septembre 2024<\/strong><\/p>\n\n\n\n<p class=\"has-text-align-left\">\u00ab\u00a0En Bretagne, le nombre de lyc\u00e9ens atteindrait son pic en 2026 avant de diminuer jusqu&rsquo;\u00e0 l&rsquo;horizon 2040\u00a0\u00bb, retrouvez l&rsquo;\u00e9tude :&nbsp;<a href=\"https:\/\/www.perl-asso22.fr\/Insee%20Analyses%20Bretagne%20n%C2%B0%20130%20-%20Septembre%202024.pdf\" target=\"_blank\" rel=\"noreferrer noopener\">ICI<\/a><\/p>\n\n\n\n<p class=\"has-text-align-left has-text-color has-link-color wp-elements-38bc15798de1d184efe47d97c45630bb\" style=\"color:#d28a42\"><strong>* Coll\u00e8ge Yves Coppens &#8211; Le T\u00e9l\u00e9gramme du 5 Septembre 2024<\/strong><\/p>\n\n\n\n<p class=\"has-text-align-left\">\u00ab\u00a0Une \u00a0\u00bbrentr\u00e9e sereine\u00a0\u00bb au coll\u00e8ge Yves-Coppens\u00a0\u00bb, retrouvez l&rsquo;article :&nbsp;<a href=\"https:\/\/www.perl-asso22.fr\/Coll%C3%A8ge%20Yves%20Coppens%20-%20T%C3%A9l%C3%A9gramme%2005092024.pdf\" target=\"_blank\" rel=\"noreferrer noopener\">ICI<\/a><\/p>\n\n\n\n<hr class=\"wp-block-separator has-alpha-channel-opacity\"\/>\n\n\n\n<h3 class=\"wp-block-heading has-text-align-center has-text-color has-link-color wp-elements-4965d6c5435f27ce85ec8f6b48c9d33f\" style=\"color:#d28a42\"><strong>Ao\u00fbt 2024&nbsp;:<\/strong><\/h3>\n\n\n\n<p class=\"has-text-align-left has-text-color has-link-color wp-elements-50474c9bbfef62782baabbe3d8c6a778\" style=\"color:#d28a42\"><strong>* Coll\u00e8ge Charles Le Goffic &#8211; Le T\u00e9l\u00e9gramme du 31 Ao\u00fbt 2024<\/strong><\/p>\n\n\n\n<p class=\"has-text-align-left\">\u00ab\u00a0Coll\u00e8ge Le Goffic : la rentr\u00e9e marqu\u00e9e par trois r\u00e9formes\u00a0\u00bb, retrouvez l&rsquo;article :&nbsp;<a href=\"https:\/\/www.perl-asso22.fr\/Coll%C3%A8ge%20Le%20Goffic%20-%20T%C3%A9l%C3%A9gramme%2031082024.pdf\" target=\"_blank\" rel=\"noreferrer noopener\">ICI<\/a><\/p>\n\n\n\n<p class=\"has-text-align-left has-text-color has-link-color wp-elements-87b865fc19fb46b20d41db5be93bb7ba\" style=\"color:#d28a42\"><strong>* Coll\u00e8ge Charles Le Goffic &#8211; Le Ouest-France du 30 Ao\u00fbt 2024<\/strong><\/p>\n\n\n\n<p class=\"has-text-align-left\">\u00ab\u00a0Le coll\u00e8ge Le Goffic \u00e0 l&rsquo;\u00e9preuve de la rentr\u00e9e\u00a0\u00bb, retrouvez l&rsquo;article :&nbsp;<a href=\"https:\/\/www.perl-asso22.fr\/Coll%C3%A8ge%20Charles%20Le%20Goffic%20-%20Ouest-France%2030082024.pdf\" target=\"_blank\" rel=\"noreferrer noopener\">ICI<\/a><\/p>\n\n\n\n<p class=\"has-text-align-left has-text-color has-link-color wp-elements-ba6eeb05af5e1eb9ed9237ac241e93ad\" style=\"color:#d28a42\"><strong>* Coll\u00e8ge Les Sept Iles &#8211; Le T\u00e9l\u00e9gramme du 30 Ao\u00fbt 2024<\/strong><\/p>\n\n\n\n<p class=\"has-text-align-left\">\u00ab\u00a0390 \u00e9l\u00e8ves attendus au coll\u00e8ge Les Sept \u00celes\u00a0\u00bb, retrouvez l&rsquo;article :&nbsp;<a href=\"https:\/\/www.perl-asso22.fr\/Coll%C3%A8ge%207Iles%20-%20T%C3%A9l%C3%A9gramme%2030082024.pdf\" target=\"_blank\" rel=\"noreferrer noopener\">ICI<\/a><\/p>\n\n\n\n<p class=\"has-text-align-left has-text-color has-link-color wp-elements-bf58c4eb263aca6490635068ff6649d0\" style=\"color:#d28a42\"><strong>* Lyc\u00e9e F\u00e9lix Le Dantec &#8211; Le T\u00e9l\u00e9gramme du 30 Ao\u00fbt 2024<\/strong><\/p>\n\n\n\n<p class=\"has-text-align-left\">\u00ab\u00a0Le lyc\u00e9e F\u00e9lix-Le Dantec fait le plein des effectifs\u00a0\u00bb, retrouvez l&rsquo;article :&nbsp;<a href=\"https:\/\/www.perl-asso22.fr\/Lyc%C3%A9e%20Le%20Dantec%20-%20T%C3%A9l%C3%A9gramme%2030082024.pdf\" target=\"_blank\" rel=\"noreferrer noopener\">ICI<\/a><\/p>\n\n\n\n<p class=\"has-text-align-left has-text-color has-link-color wp-elements-0a75a1829bbbc69413e9bd5012fc193a\" style=\"color:#d28a42\"><strong>* Lyc\u00e9e F\u00e9lix Le Dantec &#8211; Le Ouest-France du 30 Ao\u00fbt 2024<\/strong><\/p>\n\n\n\n<p class=\"has-text-align-left\">\u00ab\u00a0Le lyc\u00e9e Le Dantec affiche complet pour la rentr\u00e9e\u00a0\u00bb, retrouvez l&rsquo;article :&nbsp;<a href=\"https:\/\/www.perl-asso22.fr\/Lyc%C3%A9e%20F%C3%A9lix%20Le%20Dantec%20-%20Ouest-France%2030082024.pdf\" target=\"_blank\" rel=\"noreferrer noopener\">ICI<\/a><\/p>\n\n\n<style>\na {\n    color: #0693e3;\n}\n<\/style>\n","protected":false},"excerpt":{"rendered":"<p>LES M\u00c9DIAS Septembre 2025&nbsp;: * Coll\u00e8ges du d\u00e9partement &#8211; Le T\u00e9l\u00e9gramme du 3 septembre 2025 \u00ab\u00a0Le D\u00e9partement d\u00e9fend son action &hellip; <\/p>\n<p><a class=\"more-link btn\" href=\"https:\/\/www.perl-asso22.fr\/?page_id=931\">Lire la suite<\/a><\/p>\n","protected":false},"author":1,"featured_media":0,"parent":0,"menu_order":48,"comment_status":"closed","ping_status":"closed","template":"","meta":{"iawp_total_views":103,"footnotes":""},"class_list":["post-931","page","type-page","status-publish","hentry","nodate","item-wrap"],"_links":{"self":[{"href":"https:\/\/www.perl-asso22.fr\/index.php?rest_route=\/wp\/v2\/pages\/931","targetHints":{"allow":["GET"]}}],"collection":[{"href":"https:\/\/www.perl-asso22.fr\/index.php?rest_route=\/wp\/v2\/pages"}],"about":[{"href":"https:\/\/www.perl-asso22.fr\/index.php?rest_route=\/wp\/v2\/types\/page"}],"author":[{"embeddable":true,"href":"https:\/\/www.perl-asso22.fr\/index.php?rest_route=\/wp\/v2\/users\/1"}],"replies":[{"embeddable":true,"href":"https:\/\/www.perl-asso22.fr\/index.php?rest_route=%2Fwp%2Fv2%2Fcomments&post=931"}],"version-history":[{"count":42,"href":"https:\/\/www.perl-asso22.fr\/index.php?rest_route=\/wp\/v2\/pages\/931\/revisions"}],"predecessor-version":[{"id":2187,"href":"https:\/\/www.perl-asso22.fr\/index.php?rest_route=\/wp\/v2\/pages\/931\/revisions\/2187"}],"wp:attachment":[{"href":"https:\/\/www.perl-asso22.fr\/index.php?rest_route=%2Fwp%2Fv2%2Fmedia&parent=931"}],"curies":[{"name":"wp","href":"https:\/\/api.w.org\/{rel}","templated":true}]}}