{"id":670,"date":"2025-06-03T11:12:14","date_gmt":"2025-06-03T09:12:14","guid":{"rendered":"https:\/\/perl-asso22.fr\/site2025\/?page_id=670"},"modified":"2025-06-13T13:29:58","modified_gmt":"2025-06-13T11:29:58","slug":"conseil-dadministration","status":"publish","type":"page","link":"https:\/\/www.perl-asso22.fr\/?page_id=670","title":{"rendered":"Conseil d&rsquo;Administration"},"content":{"rendered":"\n<h3 class=\"wp-block-heading has-text-align-center has-text-color has-link-color wp-elements-21a5a7336e9d93211964e70a24affc16\" style=\"color:#d28a42;text-transform:uppercase\">Coll\u00e8ge et lyc\u00e9e : conseil d&rsquo;administration&nbsp;<\/h3>\n\n\n\n<hr class=\"wp-block-separator has-alpha-channel-opacity\"\/>\n\n\n\n<p>Votre enfant est au coll\u00e8ge ou au lyc\u00e9e et vous voulez conna\u00eetre le r\u00f4le du conseil d&rsquo;administration&nbsp; (CA) dans son \u00e9tablissement ?<br><br>Le conseil d&rsquo;administration est l&rsquo;assembl\u00e9e qui prend les d\u00e9cisions importantes concernant l&rsquo;organisation de l&rsquo;\u00e9tablissement.<br><br>Composition, fonctionnement, d\u00e9cisions :&nbsp; voici les informations \u00e0 conna\u00eetre sur le conseil d&rsquo;administration.&nbsp;<\/p>\n\n\n\n<hr class=\"wp-block-separator has-alpha-channel-opacity\"\/>\n\n\n\n<p class=\"has-text-align-left has-text-color has-link-color has-large-font-size wp-elements-1f18c0c12f06d57a38a3e07852b5906a\" style=\"color:#d28a42\"><strong>I. Quel est le r\u00f4le du Conseil d\u2019administration ? &nbsp;<\/strong><\/p>\n\n\n\n<p class=\"has-text-color has-link-color wp-elements-af1559191d78fae3ab24ed342c7f8bd2\" style=\"color:#d28a42\"><strong>1. <span style=\"text-decoration: underline;\">D\u00e9cisions soumises au vote du CA<\/span><\/strong><\/p>\n\n\n\n<p>Le CA vote et adopte le projet d&rsquo;\u00e9tablissement, le r\u00e8glement int\u00e9rieur, le budget et le compte&nbsp;financier.&nbsp;&nbsp;<\/p>\n\n\n\n<p>Il adopte \u00e9galement les documents suivants :&nbsp;&nbsp;<\/p>\n\n\n\n<ul class=\"wp-block-list\">\n<li>Rapport concernant le fonctionnement p\u00e9dagogique de l&rsquo;\u00e9tablissement et ses conditions&nbsp;mat\u00e9rielles de fonctionnement&nbsp;<\/li>\n\n\n\n<li>Plan de pr\u00e9vention de la violence incluant un programme d&rsquo;action contre toutes les formes&nbsp;de harc\u00e8lement.&nbsp;&nbsp;<\/li>\n<\/ul>\n\n\n\n<p>Le CA se prononce aussi sur les questions concernant l&rsquo;accueil, l&rsquo;information et la participation&nbsp;des parents d&rsquo;\u00e9l\u00e8ves \u00e0 la vie scolaire. Les questions concernant l&rsquo;hygi\u00e8ne, la sant\u00e9 et la s\u00e9curit\u00e9 font&nbsp;aussi partie de ses attributions.&nbsp;<\/p>\n\n\n\n<p>Le CA vote \u00e9galement les d\u00e9cisions concernant l&rsquo;autonomie p\u00e9dagogique et \u00e9ducative de&nbsp;l&rsquo;\u00e9tablissement, notamment les r\u00e8gles d&rsquo;organisation de l&rsquo;\u00e9tablissement.&nbsp;<\/p>\n\n\n\n<p class=\"has-text-color has-link-color wp-elements-a0d9e36ca6111eb5d5d2f0e066dd657a\" style=\"color:#d28a42\"><strong>2. <\/strong><span style=\"text-decoration: underline;\"><strong>D\u00e9cisions soumises \u00e0 l&rsquo;accord du CA<\/strong><\/span>&nbsp;&nbsp;<\/p>\n\n\n\n<p>Le CA donne son accord sur les sujets suivants :&nbsp;&nbsp;<\/p>\n\n\n\n<ul class=\"wp-block-list\">\n<li>Orientations concernant la conduite du dialogue avec les parents d&rsquo;\u00e9l\u00e8ves<\/li>\n\n\n\n<li>Programme de l&rsquo;association sportive&nbsp;<\/li>\n\n\n\n<li>Programmation et les modes de financement des voyages scolaires&nbsp;&nbsp;<\/li>\n\n\n\n<li>Adh\u00e9sion \u00e0 tout groupement d&rsquo;\u00e9tablissements&nbsp;&nbsp;<\/li>\n\n\n\n<li>Conclusion des march\u00e9s, conventions et contrats dont l&rsquo;\u00e9tablissement est signataire (sauf&nbsp;certains march\u00e9s)&nbsp;&nbsp;<\/li>\n\n\n\n<li>Programme d&rsquo;actions \u00e9tabli chaque ann\u00e9e par le conseil \u00e9cole-coll\u00e8ge&nbsp;&nbsp;<\/li>\n\n\n\n<li>Modes de participation au plan d&rsquo;action du groupement d&rsquo;\u00e9tablissements pour la formation&nbsp;des adultes.&nbsp;&nbsp;<\/li>\n<\/ul>\n\n\n\n<p><\/p>\n\n\n\n<p class=\"has-text-color has-link-color wp-elements-52bafeb921c972c2d3af4862ec9b66be\" style=\"color:#d28a42\"><strong>3. <span style=\"text-decoration: underline;\">Consultation du CA pour avis<\/span><\/strong><\/p>\n\n\n\n<p>\u00c0 la demande du chef d&rsquo;\u00e9tablissement, le CA donne son avis sur les sujets suivants :&nbsp;&nbsp;<\/p>\n\n\n\n<ul class=\"wp-block-list\">\n<li>Propositions de cr\u00e9ations et suppressions de sections, options et formations compl\u00e9mentaires d&rsquo;initiative locale dans l&rsquo;\u00e9tablissement,<\/li>\n\n\n\n<li>Choix des manuels scolaires, des logiciels et des outils p\u00e9dagogiques.<\/li>\n<\/ul>\n\n\n\n<hr class=\"wp-block-separator has-alpha-channel-opacity\"\/>\n\n\n\n<p class=\"has-text-align-left has-text-color has-link-color has-large-font-size wp-elements-7117de8057af4f347fa13d25923a6c87\" style=\"color:#d28a42\"><strong>II. Qui est membre du Conseil d\u2019administration ? <\/strong>&nbsp;<\/p>\n\n\n\n<p>La composition du CA est diff\u00e9rente selon le type d&rsquo;\u00e9tablissement.\u00a0<\/p>\n\n\n\n<p class=\"has-text-color has-link-color wp-elements-23e149684f3d44304030aee51c0acd2f\" style=\"color:#d28a42\"><strong>1. <span style=\"text-decoration: underline;\">Coll\u00e8ge de moins de 600 \u00e9l\u00e8ves<\/span>&nbsp;&nbsp;<\/strong><\/p>\n\n\n\n<p>Le CA est pr\u00e9sid\u00e9 par le principal.&nbsp;&nbsp;<\/p>\n\n\n\n<p>Il est compos\u00e9 de membres de l&rsquo;administration et du personnel \u00e9ducatif du coll\u00e8ge. Il s&rsquo;agit du&nbsp;principal adjoint, de l&rsquo;adjoint gestionnaire et du conseiller principal d&rsquo;\u00e9ducation (CPE).&nbsp;<\/p>\n\n\n\n<p>Le CA comporte \u00e9galement les membres suivants :&nbsp;&nbsp;<\/p>\n\n\n\n<ul class=\"wp-block-list\">\n<li>1 personnalit\u00e9 qualifi\u00e9e ou, lorsque les membres de l&rsquo;administration du lyc\u00e9e sont inf\u00e9rieurs \u00e0&nbsp; 4, 2 personnalit\u00e9s qualifi\u00e9es. Ces personnalit\u00e9s sont ext\u00e9rieures au syst\u00e8me \u00e9ducatif et&nbsp;repr\u00e9sentent g\u00e9n\u00e9ralement les domaines \u00e9conomique, social ou culturel.&nbsp;&nbsp;<\/li>\n\n\n\n<li>6 personnels \u00e9lus d&rsquo;enseignement et d&rsquo;\u00e9ducation&nbsp;<\/li>\n\n\n\n<li>2 personnels \u00e9lus administratifs, sociaux et de sant\u00e9, techniques, ouvriers et de service (Tos)<\/li>\n\n\n\n<li>6 repr\u00e9sentants \u00e9lus des parents d&rsquo;\u00e9l\u00e8ves&nbsp;&nbsp;<\/li>\n\n\n\n<li>2 repr\u00e9sentants \u00e9lus des \u00e9l\u00e8ves&nbsp;&nbsp;<\/li>\n\n\n\n<li>2 repr\u00e9sentants du d\u00e9partement&nbsp;&nbsp;<\/li>\n\n\n\n<li>1 repr\u00e9sentant de la commune&nbsp;&nbsp;<\/li>\n\n\n\n<li>1 repr\u00e9sentant de l&rsquo;intercommunalit\u00e9 (lorsqu&rsquo;elle existe). Ce repr\u00e9sentant n&rsquo;a pas le droit de&nbsp; vote. Il peut uniquement \u00eatre consult\u00e9.&nbsp;&nbsp;<\/li>\n<\/ul>\n\n\n\n<p class=\"has-text-color has-link-color wp-elements-c94b1aa76f62ab2bef82b500f72b3bae\" style=\"color:#d28a42\"><strong>2. <span style=\"text-decoration: underline;\">Lyc\u00e9e<\/span>&nbsp;&nbsp;<\/strong><\/p>\n\n\n\n<p>Le CA est pr\u00e9sid\u00e9 par le proviseur.&nbsp;<\/p>\n\n\n\n<p>Il est compos\u00e9 de membres de l&rsquo;administration et du personnel \u00e9ducatif du lyc\u00e9e. Il s&rsquo;agit du&nbsp;proviseur adjoint, de l&rsquo;adjoint gestionnaire, du conseiller principal d&rsquo;\u00e9ducation (CPE), et du directeur&nbsp;d\u00e9l\u00e9gu\u00e9 aux formations professionnelles et technologiques (ex chef de travaux).&nbsp;&nbsp;<\/p>\n\n\n\n<p>Le CA comporte \u00e9galement les membres suivants :&nbsp;&nbsp;<\/p>\n\n\n\n<ul class=\"wp-block-list\">\n<li>1 personnalit\u00e9 qualifi\u00e9e ou, lorsque les membres de l&rsquo;administration du lyc\u00e9e sont inf\u00e9rieurs \u00e0 5, 2 personnalit\u00e9s qualifi\u00e9es. Ces personnalit\u00e9s sont ext\u00e9rieures au syst\u00e8me \u00e9ducatif et&nbsp;repr\u00e9sentent g\u00e9n\u00e9ralement les domaines \u00e9conomiques, social ou culturel&nbsp;&nbsp;<\/li>\n\n\n\n<li>7 personnels \u00e9lus d&rsquo;enseignement et d&rsquo;\u00e9ducation&nbsp;<\/li>\n\n\n\n<li>3 personnels \u00e9lus administratifs, sociaux et de sant\u00e9, techniques, ouvriers et de service (Tos)<\/li>\n\n\n\n<li>5 repr\u00e9sentants \u00e9lus des parents d&rsquo;\u00e9l\u00e8ves&nbsp;&nbsp;<\/li>\n\n\n\n<li>5 repr\u00e9sentants \u00e9lus des \u00e9l\u00e8ves&nbsp;&nbsp;<\/li>\n\n\n\n<li>2 repr\u00e9sentants de la r\u00e9gion&nbsp;&nbsp;<\/li>\n\n\n\n<li>2 repr\u00e9sentants de la commune ou, lorsqu&rsquo;il existe une intercommunalit\u00e9, 1 repr\u00e9sentant de la commune et 1 de l&rsquo;intercommunalit\u00e9&nbsp;&nbsp;<\/li>\n\n\n\n<li>Dans les lyc\u00e9es professionnels uniquement, 2 personnalit\u00e9s qualifi\u00e9es repr\u00e9sentant le monde&nbsp; \u00e9conomique.&nbsp;&nbsp;<\/li>\n<\/ul>\n\n\n\n<hr class=\"wp-block-separator has-alpha-channel-opacity\"\/>\n\n\n\n<p class=\"has-text-align-left has-text-color has-link-color has-large-font-size wp-elements-93c569bb8b752485f35e57108372b325\" style=\"color:#d28a42\"><strong>III. Comment sont \u00e9lus les membres du conseil d\u2019administration ?&nbsp;<\/strong><\/p>\n\n\n\n<p class=\"has-text-color has-link-color wp-elements-94ec8090e79abdba6d644151b57987e3\" style=\"color:#d28a42\"><strong>1. <span style=\"text-decoration: underline;\">Mode d&rsquo;\u00e9lection<\/span>&nbsp;<\/strong><\/p>\n\n\n\n<p>Les repr\u00e9sentants des personnels de l&rsquo;\u00e9tablissement sont \u00e9lus au scrutin de liste \u00e0 la repr\u00e9sentation&nbsp; proportionnelle (\u00e0 1 tour) par les personnels de l&rsquo;\u00e9tablissement.&nbsp;<\/p>\n\n\n\n<p>Les repr\u00e9sentants des parents d&rsquo;\u00e9l\u00e8ves sont \u00e9lus au scrutin de liste \u00e0 la repr\u00e9sentation&nbsp; proportionnelle (\u00e0 1 tour) par les parents d&rsquo;\u00e9l\u00e8ves.&nbsp;<\/p>\n\n\n\n<p>Les repr\u00e9sentants des \u00e9l\u00e8ves sont \u00e9lus au scrutin plurinominal \u00e0 1 tour. Au coll\u00e8ge, ils sont \u00e9lus par les d\u00e9l\u00e9gu\u00e9s des \u00e9l\u00e8ves. Au lyc\u00e9e, ils sont \u00e9lus par les d\u00e9l\u00e9gu\u00e9s des \u00e9l\u00e8ves et les d\u00e9l\u00e9gu\u00e9s pour la vie lyc\u00e9enne.&nbsp;&nbsp;<\/p>\n\n\n\n<p class=\"has-text-color has-link-color wp-elements-f8daf2d14fc39e3fab05780af710800f\" style=\"color:#d28a42\"><strong>2. <span style=\"text-decoration: underline;\">D\u00e9roulement des \u00e9lections<\/span>&nbsp;<\/strong><\/p>\n\n\n\n<p>Les \u00e9lections ont lieu au plus tard avant la fin de la 7<sup>e<\/sup> semaine de l&rsquo;ann\u00e9e scolaire.\u00a0 Le mat\u00e9riel de vote est envoy\u00e9 aux \u00e9lecteurs 6 jours au moins avant la date du scrutin.<\/p>\n\n\n\n<p>Pour l&rsquo;\u00e9lection des repr\u00e9sentants des parents d&rsquo;\u00e9l\u00e8ves, le vote peut avoir lieu soit par&nbsp;correspondance, soit par voie \u00e9lectronique, sur d\u00e9cision du chef d&rsquo;\u00e9tablissement, apr\u00e8s consultation&nbsp;du conseil d&rsquo;administration.&nbsp;<\/p>\n\n\n\n<p>Les votes sont personnels et secrets.&nbsp;&nbsp;<\/p>\n\n\n\n<p>Le chef d&rsquo;\u00e9tablissement fixe la date du scrutin et les heures d&rsquo;ouverture du bureau de vote (au&nbsp;minimum 4 heures cons\u00e9cutives pour les parents d&rsquo;\u00e9l\u00e8ves et 8 heures cons\u00e9cutives pour les personnels).&nbsp;&nbsp;<\/p>\n\n\n\n<p>Le chef d&rsquo;\u00e9tablissement re\u00e7oit, pour le vote par correspondance, les bulletins sous double enveloppe.&nbsp;Il organise le d\u00e9pouillement public et en publie les r\u00e9sultats. Les bulletins blancs ne sont pas comptabilis\u00e9s.&nbsp;&nbsp;<\/p>\n\n\n\n<p>Les contestations sur la validit\u00e9 des op\u00e9rations \u00e9lectorales doivent avoir lieu dans un d\u00e9lai de 5 jours ouvrables \u00e0 partir de la proclamation des r\u00e9sultats devant le recteur d&rsquo;acad\u00e9mie. Celui-ci se prononce dans un d\u00e9lai de 8 jours. S&rsquo;il ne se prononce pas au bout de ces 8 jours, la demande est consid\u00e9r\u00e9e rejet\u00e9e.&nbsp;&nbsp;<\/p>\n\n\n\n<p class=\"has-text-color has-link-color wp-elements-987563424ca1fee54e0a585d7411e708\" style=\"color:#d28a42\"><strong>3. <\/strong><span style=\"text-decoration: underline;\"><strong>Dur\u00e9e du mandat<\/strong><\/span><\/p>\n\n\n\n<p>Les repr\u00e9sentants sont \u00e9lus pour un mandat d&rsquo;1 an.&nbsp;&nbsp;<\/p>\n\n\n\n<hr class=\"wp-block-separator has-alpha-channel-opacity\"\/>\n\n\n\n<p class=\"has-text-align-left has-text-color has-link-color has-large-font-size wp-elements-6c46491e0f7ff9d5015614ae39c2b587\" style=\"color:#d28a42\"><strong>IV. Quelles sont les r\u00e8gles de fonctionnement du conseil d\u2019administration ?&nbsp;<\/strong><\/p>\n\n\n\n<p class=\"has-text-align-left has-text-color has-link-color wp-elements-1d707f8b9afefcd05f0240f0ff4d4657\" style=\"color:#d28a42\"><strong>1. <\/strong><span style=\"text-decoration: underline;\"><strong>R\u00e9unions du CA<\/strong><\/span>&nbsp;&nbsp;<\/p>\n\n\n\n<p>Le CA se r\u00e9unit en s\u00e9ance ordinaire \u00e0 l&rsquo;initiative du chef d&rsquo;\u00e9tablissement au moins 3 fois par an.&nbsp;&nbsp;<\/p>\n\n\n\n<p>Il peut \u00eatre r\u00e9uni en s\u00e9ance extraordinaire sur un ordre du jour d\u00e9termin\u00e9 \u00e0 la demande de la direction acad\u00e9mique, de la r\u00e9gion, du d\u00e9partement ou de la commune de rattachement. Le CA en&nbsp;s\u00e9ance extraordinaire peut aussi \u00eatre r\u00e9uni \u00e0 la demande du chef d&rsquo;\u00e9tablissement ou de la moiti\u00e9 au moins des membres du CA.&nbsp;&nbsp;<\/p>\n\n\n\n<p class=\"has-text-color has-link-color wp-elements-8ade7c1d588c606dbe7b3da01575ca38\" style=\"color:#d28a42\"><strong>2. <\/strong><span style=\"text-decoration: underline;\"><strong>Convocations<\/strong><\/span>&nbsp;<\/p>\n\n\n\n<p>Le chef d&rsquo;\u00e9tablissement fixe les dates et heures des s\u00e9ances. Il envoie les convocations,&nbsp;accompagn\u00e9es de l&rsquo;ordre du jour et des documents pr\u00e9paratoires, au moins 8 jours \u00e0 l&rsquo;avance. Ce&nbsp;d\u00e9lai peut \u00eatre r\u00e9duit \u00e0 1 jour en cas d&rsquo;urgence.&nbsp;&nbsp;<\/p>\n\n\n\n<p>Pour fixer l&rsquo;ordre du jour, le chef d&rsquo;\u00e9tablissement tient compte des demandes d&rsquo;inscription que lui ont adress\u00e9es les membres du conseil.&nbsp;&nbsp;<\/p>\n\n\n\n<p class=\"has-text-color has-link-color wp-elements-425eda6d762537b47bbf9e3647a60c66\" style=\"color:#d28a42\"><strong>3. <\/strong><span style=\"text-decoration: underline;\"><strong>Quorum : nombre minimum de participants au CA<\/strong><\/span>&nbsp;<\/p>\n\n\n\n<p>Le CA si\u00e8ge valablement si le nombre des membres pr\u00e9sents, en d\u00e9but de s\u00e9ance, est \u00e9gal \u00e0 la&nbsp;majorit\u00e9 des membres en exercice composant le conseil.&nbsp;<\/p>\n\n\n\n<p>Si ce quorum n&rsquo;est pas atteint, le CA est convoqu\u00e9 en vue d&rsquo;une nouvelle r\u00e9union, qui doit se tenir&nbsp; dans un d\u00e9lai compris entre 5 et 8 jours. En cas d&rsquo;urgence, ce d\u00e9lai peut \u00eatre r\u00e9duit \u00e0 3 jours.&nbsp;&nbsp;<\/p>\n\n\n\n<p>Dans ce cas, il d\u00e9lib\u00e8re valablement, quel que soit le nombre des membres pr\u00e9sents.&nbsp; <\/p>\n\n\n\n<p class=\"has-text-color has-link-color wp-elements-46a76512627414eccc73b916e0bd94bf\" style=\"color:#d28a42\"><strong>4. <\/strong><span style=\"text-decoration: underline;\"><strong>Particularit\u00e9s de la 1<sup>\u00e8re<\/sup> s\u00e9ance de l&rsquo;ann\u00e9e scolaire<\/strong><\/span>&nbsp;&nbsp;<\/p>\n\n\n\n<p>Au moment de sa 1<sup>re <\/sup>r\u00e9union de l&rsquo;ann\u00e9e scolaire, le CA examine les conditions d&rsquo;organisation du dialogue avec les parents.&nbsp;&nbsp;<\/p>\n\n\n\n<p>Toute action suppl\u00e9mentaire peut \u00eatre pr\u00e9vue pour tenir compte des sp\u00e9cificit\u00e9s locales ou des orientations du projet d&rsquo;\u00e9tablissement.&nbsp;<\/p>\n\n\n\n<p>Les conditions d&rsquo;accueil des parents, l&rsquo;acc\u00e8s aux espaces num\u00e9riques de travail et la date des rencontres pr\u00e9vues sont pr\u00e9cis\u00e9s.&nbsp;&nbsp;<\/p>\n\n\n\n<p class=\"has-text-align-left\">Les parents d&rsquo;\u00e9l\u00e8ves sont inform\u00e9s des d\u00e9cisions prises.&nbsp;<\/p>\n","protected":false},"excerpt":{"rendered":"<p>Coll\u00e8ge et lyc\u00e9e : conseil d&rsquo;administration&nbsp; Votre enfant est au coll\u00e8ge ou au lyc\u00e9e et vous voulez conna\u00eetre le r\u00f4le &hellip; <\/p>\n<p><a class=\"more-link btn\" href=\"https:\/\/www.perl-asso22.fr\/?page_id=670\">Lire la suite<\/a><\/p>\n","protected":false},"author":1,"featured_media":0,"parent":471,"menu_order":2,"comment_status":"closed","ping_status":"closed","template":"","meta":{"iawp_total_views":53,"footnotes":""},"class_list":["post-670","page","type-page","status-publish","hentry","nodate","item-wrap"],"_links":{"self":[{"href":"https:\/\/www.perl-asso22.fr\/index.php?rest_route=\/wp\/v2\/pages\/670","targetHints":{"allow":["GET"]}}],"collection":[{"href":"https:\/\/www.perl-asso22.fr\/index.php?rest_route=\/wp\/v2\/pages"}],"about":[{"href":"https:\/\/www.perl-asso22.fr\/index.php?rest_route=\/wp\/v2\/types\/page"}],"author":[{"embeddable":true,"href":"https:\/\/www.perl-asso22.fr\/index.php?rest_route=\/wp\/v2\/users\/1"}],"replies":[{"embeddable":true,"href":"https:\/\/www.perl-asso22.fr\/index.php?rest_route=%2Fwp%2Fv2%2Fcomments&post=670"}],"version-history":[{"count":31,"href":"https:\/\/www.perl-asso22.fr\/index.php?rest_route=\/wp\/v2\/pages\/670\/revisions"}],"predecessor-version":[{"id":1731,"href":"https:\/\/www.perl-asso22.fr\/index.php?rest_route=\/wp\/v2\/pages\/670\/revisions\/1731"}],"up":[{"embeddable":true,"href":"https:\/\/www.perl-asso22.fr\/index.php?rest_route=\/wp\/v2\/pages\/471"}],"wp:attachment":[{"href":"https:\/\/www.perl-asso22.fr\/index.php?rest_route=%2Fwp%2Fv2%2Fmedia&parent=670"}],"curies":[{"name":"wp","href":"https:\/\/api.w.org\/{rel}","templated":true}]}}