{"id":396,"date":"2025-06-02T10:14:09","date_gmt":"2025-06-02T08:14:09","guid":{"rendered":"https:\/\/perl-asso22.fr\/site2025\/?page_id=396"},"modified":"2025-06-23T08:24:24","modified_gmt":"2025-06-23T06:24:24","slug":"prevention-des-pratiques-addictives","status":"publish","type":"page","link":"https:\/\/www.perl-asso22.fr\/?page_id=396","title":{"rendered":"Pr\u00e9vention"},"content":{"rendered":"\n<h3 class=\"wp-block-heading has-text-align-center has-text-color has-link-color wp-elements-dee15ba1d119c55322e562d4af0a6041\" style=\"color:#d28a42;text-transform:uppercase\"><strong>Pr\u00e9vention<\/strong><\/h3>\n\n\n\n<hr class=\"wp-block-separator has-alpha-channel-opacity\"\/>\n\n\n\n<p class=\"has-text-color has-link-color has-large-font-size wp-elements-578baa7cf4cb49d4cd7e1276dfcaae5a\" style=\"color:#d28a42\"><strong>I. Addiction aux \u00e9crans<\/strong><\/p>\n\n\n<div class=\"wp-block-image is-style-default list-1\">\n<figure class=\"alignright size-large is-resized\"><img loading=\"lazy\" decoding=\"async\" width=\"724\" height=\"1024\" src=\"https:\/\/www.perl-asso22.fr\/wp-content\/uploads\/2025\/06\/1000049987-724x1024.png\" alt=\"\" class=\"wp-image-2026\" style=\"width:250px\" srcset=\"https:\/\/www.perl-asso22.fr\/wp-content\/uploads\/2025\/06\/1000049987-724x1024.png 724w, https:\/\/www.perl-asso22.fr\/wp-content\/uploads\/2025\/06\/1000049987-212x300.png 212w, https:\/\/www.perl-asso22.fr\/wp-content\/uploads\/2025\/06\/1000049987-768x1086.png 768w, https:\/\/www.perl-asso22.fr\/wp-content\/uploads\/2025\/06\/1000049987-1086x1536.png 1086w, https:\/\/www.perl-asso22.fr\/wp-content\/uploads\/2025\/06\/1000049987-1448x2048.png 1448w, https:\/\/www.perl-asso22.fr\/wp-content\/uploads\/2025\/06\/1000049987.png 1500w\" sizes=\"auto, (max-width: 724px) 100vw, 724px\" \/><\/figure>\n<\/div>\n\n\n<p>L\u2019association des <strong>P<\/strong>arents d\u2019<strong>E<\/strong>l\u00e8ves de la <strong>R<\/strong>\u00e9gion de <strong>L<\/strong>annion (PERL) a organis\u00e9 le mercredi 23 avril 2025 \u00e0 l\u2019amphith\u00e9\u00e2tre du lyc\u00e9e F\u00e9lix Le Dantec, une conf\u00e9rence interactive\u00a0intitul\u00e9e : \u00ab\u00a0Addictions et \u00e9crans\u00a0: je g\u00e8re\u00a0?\u00a0\u00bb.<\/p>\n\n\n\n<p>Cette conf\u00e9rence \u00e9tait anim\u00e9e par Charlotte Pr\u00e9vel (psychop\u00e9dagogue), intervenante pour l\u2019association Les Chevaliers du Web (<a href=\"https:\/\/chevaliersduweb.fr\" target=\"_blank\" rel=\"noreferrer noopener\"><mark style=\"background-color:rgba(0, 0, 0, 0)\" class=\"has-inline-color has-vivid-cyan-blue-color\">https:\/\/chevaliersduweb.fr<\/mark><\/a>).<\/p>\n\n\n\n<p>Une soir\u00e9e dynamique et interactive pour mieux comprendre l\u2019impact des \u00e9crans et \u00e9changer sur des pratiques \u00e9quilibr\u00e9es. Loin de toute diabolisation ou culpabilisation, cette conf\u00e9rence propose d\u2019explorer la notion d\u2019addiction aux \u00e9crans\u00a0: quels sont les risques\u00a0? Comment g\u00e9rer au quotidien\u00a0?<\/p>\n\n\n\n<p>Durant 1h30, les participants ont d\u00e9couvert des rep\u00e8res cl\u00e9s sur l\u2019usage des \u00e9crans. Un temps d\u2019\u00e9change d\u2019environ 30 minutes avait \u00e9t\u00e9 pr\u00e9vu pour r\u00e9pondre aux interrogations de chacun.<\/p>\n\n\n\n<p>Parents, coll\u00e9giens, lyc\u00e9ens, enseignants et personnels des \u00e9tablissements ont \u00e9t\u00e9 convi\u00e9s \u00e0 venir r\u00e9fl\u00e9chir ensemble aux bonnes pratiques et aux alternatives dans un cadre bienveillant et accessible \u00e0 tous.<\/p>\n\n\n\n<p>Une s\u00e9lection de livres sur le th\u00e8me des addictions aux \u00e9crans avait \u00e9t\u00e9 r\u00e9alis\u00e9e\u00a0: <a href=\"https:\/\/www.perl-asso22.fr\/wp-content\/uploads\/2025\/06\/Bibliographie-complete-Conference-Addictions-et-ecrans-je-gere.pdf\" target=\"_blank\" rel=\"noreferrer noopener\"><mark style=\"background-color:rgba(0, 0, 0, 0)\" class=\"has-inline-color has-vivid-cyan-blue-color\">ICI<\/mark><\/a><\/p>\n\n\n\n<hr class=\"wp-block-separator has-alpha-channel-opacity\"\/>\n\n\n\n<p class=\"has-text-color has-link-color has-large-font-size wp-elements-12f4de949ef84316c74964ec2a99fe0a\" style=\"color:#d28a42\"><strong>II. Pr\u00e9ventions des pratiques addictives<\/strong><\/p>\n\n\n\n<p class=\"has-text-align-left has-background-color has-text-color has-link-color wp-elements-5b06f727a383c40bd7e90d27cb0dcaeb\">La PERL, sous son ancienne d\u00e9nomination PEEP Tr\u00e9gor, a mis en place en 2016 avec le lyc\u00e9e Felix le Dantec une action de \u00ab\u00a0Promotion de la Sant\u00e9 des Adolescents dans le cadre de la r\u00e9duction des risques concernant les pratiques addictives\u00a0\u00bb (notamment usage du cannabis).<\/p>\n\n\n\n<p class=\"has-text-align-left\"><strong><span style=\"text-decoration: underline;\">Objectif<\/span> :<\/strong><\/p>\n\n\n\n<p class=\"has-text-align-left list-1 has-background-color has-text-color has-link-color wp-elements-6734e6a81cf486c49c7567f693cbf7b7\">&#8211; informer, sensibiliser, et former les acteurs de la communaut\u00e9 \u00e9ducative<br>&#8211; amener les personnels \u00e0 mieux identifier, rep\u00e9rer et prendre en compte ces ph\u00e9nom\u00e8nes<br>&#8211; amener les \u00e9l\u00e8ves \u00e0 r\u00e9fl\u00e9chir et mesurer les risques.<\/p>\n\n\n\n<p class=\"has-text-align-left has-background-color has-text-color has-link-color wp-elements-22246c8c5ce4f0275e3c1b7a3d137d72\">Cette action s&rsquo;est traduite par la mise en oeuvre de demi-journ\u00e9es de formations et de sensibilisations, destin\u00e9es aux salari\u00e9s de l&rsquo;\u00e9tablissement du lyc\u00e9e F\u00e9lix Le Dantec, aux adolescents du lyc\u00e9e professionnel et \u00e0 tous les internes, mais \u00e9galement aux parents d&rsquo;\u00e9l\u00e8ves.<\/p>\n\n\n\n<p class=\"has-text-align-left has-background-color has-text-color has-link-color wp-elements-56f164850f455ff0aad39743e8410075\">En cas de besoin, sur ce sujet, le&nbsp;<a href=\"https:\/\/annuaire.action-sociale.org\/?p=centre--cure-ambulatoire-en-alcoologie-220008403%26details=caracteristiques\" target=\"_blank\" rel=\"noreferrer noopener\">CSAPA<\/a>&nbsp;peut vous apporter son soutien.<\/p>\n","protected":false},"excerpt":{"rendered":"<p>Pr\u00e9vention I. Addiction aux \u00e9crans L\u2019association des Parents d\u2019El\u00e8ves de la R\u00e9gion de Lannion (PERL) a organis\u00e9 le mercredi 23 &hellip; <\/p>\n<p><a class=\"more-link btn\" href=\"https:\/\/www.perl-asso22.fr\/?page_id=396\">Lire la suite<\/a><\/p>\n","protected":false},"author":1,"featured_media":0,"parent":471,"menu_order":5,"comment_status":"closed","ping_status":"closed","template":"","meta":{"iawp_total_views":52,"footnotes":""},"class_list":["post-396","page","type-page","status-publish","hentry","nodate","item-wrap"],"_links":{"self":[{"href":"https:\/\/www.perl-asso22.fr\/index.php?rest_route=\/wp\/v2\/pages\/396","targetHints":{"allow":["GET"]}}],"collection":[{"href":"https:\/\/www.perl-asso22.fr\/index.php?rest_route=\/wp\/v2\/pages"}],"about":[{"href":"https:\/\/www.perl-asso22.fr\/index.php?rest_route=\/wp\/v2\/types\/page"}],"author":[{"embeddable":true,"href":"https:\/\/www.perl-asso22.fr\/index.php?rest_route=\/wp\/v2\/users\/1"}],"replies":[{"embeddable":true,"href":"https:\/\/www.perl-asso22.fr\/index.php?rest_route=%2Fwp%2Fv2%2Fcomments&post=396"}],"version-history":[{"count":23,"href":"https:\/\/www.perl-asso22.fr\/index.php?rest_route=\/wp\/v2\/pages\/396\/revisions"}],"predecessor-version":[{"id":2033,"href":"https:\/\/www.perl-asso22.fr\/index.php?rest_route=\/wp\/v2\/pages\/396\/revisions\/2033"}],"up":[{"embeddable":true,"href":"https:\/\/www.perl-asso22.fr\/index.php?rest_route=\/wp\/v2\/pages\/471"}],"wp:attachment":[{"href":"https:\/\/www.perl-asso22.fr\/index.php?rest_route=%2Fwp%2Fv2%2Fmedia&parent=396"}],"curies":[{"name":"wp","href":"https:\/\/api.w.org\/{rel}","templated":true}]}}