{"id":1266,"date":"2025-06-11T14:03:14","date_gmt":"2025-06-11T12:03:14","guid":{"rendered":"https:\/\/perl-asso22.fr\/site2025\/?page_id=1266"},"modified":"2025-11-21T08:07:48","modified_gmt":"2025-11-21T07:07:48","slug":"conseil-administration","status":"publish","type":"page","link":"https:\/\/www.perl-asso22.fr\/?page_id=1266","title":{"rendered":"Conseil Administration"},"content":{"rendered":"\n<h3 class=\"wp-block-heading has-text-align-center has-text-color has-link-color wp-elements-97043a110a4d55fcc0d2b23c67473b09\" style=\"color:#d28a42;text-transform:uppercase\">CONSEIL D&rsquo;ADMINISTRATION<br>lyc\u00e9e g\u00e9n\u00e9ral et technologique f\u00e9lix le dantec<\/h3>\n\n\n\n<hr class=\"wp-block-separator has-alpha-channel-opacity\"\/>\n\n\n\n<p class=\"has-text-align-left has-text-color has-link-color wp-elements-a619e536bc2cb03eaa6fae831a4bee5a\" style=\"color:#d28a42\"><strong><span style=\"text-decoration: underline;\">Conseils d\u2019Administration du Lyc\u00e9e F\u00e9lix Le Dantec<\/span><\/strong><\/p>\n\n\n\n<p class=\"has-text-align-left\">* Proviseure : Pascale LE FLEM<br>* Proviseur-adjoint LGT : Anthony BALIGAND<br>* DDFPT : Bruno FORTANIER<br>* Adjointe gestionnaire : Patricia FRANCES<\/p>\n\n\n\n<p class=\"has-text-align-left has-text-color has-link-color wp-elements-fe2f114f591651ea5b740454b47a66c5\" style=\"color:#d28a42\"><span style=\"text-decoration: underline;\">Elu(e)s PERL au Conseil d\u2019Administration du Lyc\u00e9e G\u00e9n\u00e9ral &amp; Technologique (LGT)<\/span><\/p>\n\n\n\n<p class=\"has-text-align-left\">* 2 Titulaires : CLEMENT Jean-Marie et GOUMBALLE Ahlem.<br>* 2 Suppl\u00e9ants : TRUSSART C\u00e9line et VAILLANT Marina.<\/p>\n\n\n\n<p class=\"has-text-align-left has-cyan-bluish-gray-color has-text-color has-link-color\"><strong>La composition compl\u00e8te du CA du LGT 2025\/2026 :<\/strong><a href=\"https:\/\/www.perl-asso22.fr\/wp-content\/uploads\/2025\/11\/Membres-CA-2025-2026-LGT.pdf\" target=\"_blank\" rel=\"noreferrer noopener\"> <mark style=\"background-color:rgba(0, 0, 0, 0)\" class=\"has-inline-color has-vivid-cyan-blue-color\">ICI<\/mark><\/a><\/p>\n\n\n\n<p><\/p>\n","protected":false},"excerpt":{"rendered":"<p>CONSEIL D&rsquo;ADMINISTRATIONlyc\u00e9e g\u00e9n\u00e9ral et technologique f\u00e9lix le dantec Conseils d\u2019Administration du Lyc\u00e9e F\u00e9lix Le Dantec * Proviseure : Pascale LE &hellip; <\/p>\n<p><a class=\"more-link btn\" href=\"https:\/\/www.perl-asso22.fr\/?page_id=1266\">Lire la suite<\/a><\/p>\n","protected":false},"author":1,"featured_media":0,"parent":1127,"menu_order":1,"comment_status":"closed","ping_status":"closed","template":"","meta":{"iawp_total_views":29,"footnotes":""},"class_list":["post-1266","page","type-page","status-publish","hentry","nodate","item-wrap"],"_links":{"self":[{"href":"https:\/\/www.perl-asso22.fr\/index.php?rest_route=\/wp\/v2\/pages\/1266","targetHints":{"allow":["GET"]}}],"collection":[{"href":"https:\/\/www.perl-asso22.fr\/index.php?rest_route=\/wp\/v2\/pages"}],"about":[{"href":"https:\/\/www.perl-asso22.fr\/index.php?rest_route=\/wp\/v2\/types\/page"}],"author":[{"embeddable":true,"href":"https:\/\/www.perl-asso22.fr\/index.php?rest_route=\/wp\/v2\/users\/1"}],"replies":[{"embeddable":true,"href":"https:\/\/www.perl-asso22.fr\/index.php?rest_route=%2Fwp%2Fv2%2Fcomments&post=1266"}],"version-history":[{"count":8,"href":"https:\/\/www.perl-asso22.fr\/index.php?rest_route=\/wp\/v2\/pages\/1266\/revisions"}],"predecessor-version":[{"id":2349,"href":"https:\/\/www.perl-asso22.fr\/index.php?rest_route=\/wp\/v2\/pages\/1266\/revisions\/2349"}],"up":[{"embeddable":true,"href":"https:\/\/www.perl-asso22.fr\/index.php?rest_route=\/wp\/v2\/pages\/1127"}],"wp:attachment":[{"href":"https:\/\/www.perl-asso22.fr\/index.php?rest_route=%2Fwp%2Fv2%2Fmedia&parent=1266"}],"curies":[{"name":"wp","href":"https:\/\/api.w.org\/{rel}","templated":true}]}}