{"id":1201,"date":"2025-06-11T10:42:06","date_gmt":"2025-06-11T08:42:06","guid":{"rendered":"https:\/\/perl-asso22.fr\/site2025\/?page_id=1201"},"modified":"2025-10-31T08:49:50","modified_gmt":"2025-10-31T07:49:50","slug":"conseils-de-classes","status":"publish","type":"page","link":"https:\/\/www.perl-asso22.fr\/?page_id=1201","title":{"rendered":"Conseils de Classes"},"content":{"rendered":"\n<h3 class=\"wp-block-heading has-text-align-center has-text-color has-link-color wp-elements-b7bf2074ee9711d1481dfba2e8ad383e\" style=\"color:#d28a42;text-transform:uppercase\">Documentation Parents d\u00e9l\u00e9gu\u00e9s<br>Lyc\u00e9e professionnel F\u00e9lix Le Dantec<\/h3>\n\n\n\n<hr class=\"wp-block-separator has-alpha-channel-opacity\"\/>\n\n\n\n<p class=\"has-text-align-left\">Retrouvez ci-dessous l&rsquo;ensemble de la documentation qui vous est n\u00e9cessaire, en tant que parent d\u00e9l\u00e9gu\u00e9, pour pr\u00e9parer et g\u00e9rer vos conseils de classe.<br>A noter que les adresses mail des secr\u00e9tariats LGT et LP sont disponibles dans le document \u00ab\u00a0R\u00f4le du parent d\u00e9l\u00e9gu\u00e9 au lyc\u00e9e\u00a0\u00bb t\u00e9l\u00e9chargeable ci-dessous.<\/p>\n\n\n\n<p class=\"has-text-align-left\">T\u00e9l\u00e9chargez \u00ab\u00a0<strong>Le r\u00f4le de parent d\u00e9l\u00e9gu\u00e9 au Lyc\u00e9e F\u00e9lix Le Dantec<\/strong>\u00a0\u00bb (version du\u00a0<strong>31\/10\/2025<\/strong>) au format PDF :\u00a0<a href=\"https:\/\/www.perl-asso22.fr\/wp-content\/uploads\/2025\/10\/Role-Parent-Delegue-LYCEE-PERL-2025_V31-10-2025.pdf\" target=\"_blank\" rel=\"noreferrer noopener\"><mark style=\"background-color:rgba(0, 0, 0, 0)\" class=\"has-inline-color has-vivid-cyan-blue-color\">LIEN<\/mark><\/a><\/p>\n\n\n\n<p class=\"has-text-align-left\"><strong>Questionnaires&nbsp;<\/strong>(MAJ le&nbsp;<strong>31\/10\/2025<\/strong>)<strong> :<\/strong><\/p>\n\n\n\n<blockquote class=\"wp-block-quote is-layout-flow wp-block-quote-is-layout-flow\">\n<p class=\"has-text-align-left list-1 has-vivid-cyan-blue-color has-text-color has-link-color wp-elements-ffc19bff67cfa70f890cd8facae9c843\" style=\"font-size:18px\">\u2022 <a href=\"https:\/\/www.perl-asso22.fr\/Quest_Lycee%20PERL_Fcpe_T1.odt\" target=\"_blank\" rel=\"noreferrer noopener\">Questionnaire 1er trimestre PERL FCPE (format : .odt)<\/a><br>\u2022 <a href=\"https:\/\/www.perl-asso22.fr\/Quest_Lycee%20PERL_Fcpe_T1.docx\" target=\"_blank\" rel=\"noreferrer noopener\">Questionnaire 1er trimestre PERL FCPE (format : .docx)<\/a><br>\u2022 <a href=\"https:\/\/www.perl-asso22.fr\/Quest_Lycee%20PERL_Fcpe_T2.odt\" target=\"_blank\" rel=\"noreferrer noopener\">Questionnaire 2\u00e8me trimestre PERL FCPE (format : .odt)<\/a><br>\u2022 <a href=\"https:\/\/www.perl-asso22.fr\/Quest_Lycee%20PERL_Fcpe_T2.docx\" target=\"_blank\" rel=\"noreferrer noopener\">Questionnaire 2\u00e8me trimestre PERL FCPE (format : .docx)<\/a><br>\u2022 <a href=\"https:\/\/www.perl-asso22.fr\/Quest_Lycee%20PERL_FCPE_T3.odt\" target=\"_blank\" rel=\"noreferrer noopener\">Questionnaire 3\u00e8me trimestre PERL FCPE (format : .odt)<\/a><br>\u2022 <a href=\"https:\/\/www.perl-asso22.fr\/Quest_Lycee%20PERL_FCPE_T3.docx\" target=\"_blank\" rel=\"noreferrer noopener\">Questionnaire 3\u00e8me trimestre PERL FCPE (format : .docx)<\/a><\/p>\n\n\n\n<p class=\"has-text-align-left list-1 has-vivid-cyan-blue-color has-text-color has-link-color wp-elements-6f8bd025b693b6a78cf0e058ca0ce529\" style=\"font-size:18px\">\u2022 <a href=\"https:\/\/www.perl-asso22.fr\/Quest_Lycee%20PERL_FCPE_S1.odt\" target=\"_blank\" rel=\"noreferrer noopener\">Questionnaire 1er semestre PERL FCPE (format : .odt)<\/a><mark style=\"background-color:rgba(0, 0, 0, 0)\" class=\"has-inline-color has-vivid-cyan-blue-color\"><br><\/mark>\u2022 <a href=\"https:\/\/www.perl-asso22.fr\/Quest_Lycee%20PERL_FCPE_S1.docx\" target=\"_blank\" rel=\"noreferrer noopener\">Questionnaire 1er semestre PERL FCPE (format : .docx)<\/a><mark style=\"background-color:rgba(0, 0, 0, 0)\" class=\"has-inline-color has-vivid-cyan-blue-color\"><br><\/mark>\u2022 <a href=\"https:\/\/www.perl-asso22.fr\/Quest_Lycee%20PERL_FCPE_S2.odt\" target=\"_blank\" rel=\"noreferrer noopener\">Questionnaire 2\u00e8me semestre PERL FCPE (format : .odt)<\/a><mark style=\"background-color:rgba(0, 0, 0, 0)\" class=\"has-inline-color has-vivid-cyan-blue-color\"><br><\/mark>\u2022 <a href=\"https:\/\/www.perl-asso22.fr\/Quest_Lycee%20PERL_FCPE_S2.docx\" target=\"_blank\" rel=\"noreferrer noopener\">Questionnaire 2\u00e8me semestre PERL FCPE (format : .docx)<\/a><\/p>\n<\/blockquote>\n\n\n\n<p class=\"has-text-align-left\"><strong>Mod\u00e8le de Compte-Rendu&nbsp;<\/strong>(MAJ le <strong>31\/10\/2025<\/strong>)<strong> :<\/strong><\/p>\n\n\n\n<blockquote class=\"wp-block-quote is-layout-flow wp-block-quote-is-layout-flow\">\n<p class=\"has-text-align-left list-1 has-vivid-cyan-blue-color has-text-color has-link-color wp-elements-6e849bd935976d5449b1dd15aaa04cfa\" style=\"font-size:18px\">\u2022 <a href=\"https:\/\/www.perl-asso22.fr\/Compte%20rendu%20type_PERL_FCPE.odt\" target=\"_blank\" rel=\"noreferrer noopener\">Mod\u00e8le de compte-rendu PERL FCPE (format : .odt)<\/a><br>\u2022 <a href=\"https:\/\/www.perl-asso22.fr\/Compte%20rendu%20type_PERL_FCPE.docx\" target=\"_blank\" rel=\"noreferrer noopener\">Mod\u00e8le de compte-rendu PERL FCPE (format : .docx)<\/a><\/p>\n<\/blockquote>\n\n\n\n<p class=\"has-text-align-left\"><strong>Feuille de suivi des \u00e9l\u00e8ves&nbsp;<\/strong>(MAJ le <strong>31\/10\/2025<\/strong>)<strong> :<\/strong><\/p>\n\n\n\n<blockquote class=\"wp-block-quote is-layout-flow wp-block-quote-is-layout-flow\">\n<p class=\"has-text-align-left list-1 has-vivid-cyan-blue-color has-text-color has-link-color wp-elements-8d6072c65ad4422bd6b2f654844a2de4\" style=\"font-size:18px\">\u2022 <a href=\"https:\/\/www.perl-asso22.fr\/Cons.Clas%20feuille%20de%20suivi%20%C3%A9l%C3%A8ve_PERL.ods\" target=\"_blank\" rel=\"noreferrer noopener\">Feuille de suivi 4 \u00e9l\u00e8ves (format : .ods)<\/a><mark style=\"background-color:rgba(0, 0, 0, 0)\" class=\"has-inline-color has-vivid-cyan-blue-color\"><br><\/mark>\u2022 <a href=\"https:\/\/www.perl-asso22.fr\/Cons.Clas%20feuille%20de%20suivi%20%C3%A9l%C3%A8ve_PERL.xlsx\" target=\"_blank\" rel=\"noreferrer noopener\">Feuille de suivi 4 \u00e9l\u00e8ves (format .xlsx)<\/a><mark style=\"background-color:rgba(0, 0, 0, 0)\" class=\"has-inline-color has-vivid-cyan-blue-color\"><br><\/mark>\u2022 <a href=\"https:\/\/www.perl-asso22.fr\/Cons.Clas%20feuille%20de%20suivi%20%C3%A9l%C3%A8ve_PERL.docx\" target=\"_blank\" rel=\"noreferrer noopener\">Feuille de suivi 4 \u00e9l\u00e8ves (format .docx)<\/a><mark style=\"background-color:rgba(0, 0, 0, 0)\" class=\"has-inline-color has-vivid-cyan-blue-color\"><br><\/mark>\u2022 <a href=\"https:\/\/www.perl-asso22.fr\/Cons.Clas%20feuille%20de%20suivi%20%C3%A9l%C3%A8ve_PERL.pdf\" target=\"_blank\" rel=\"noreferrer noopener\">Feuille de suivi 4 \u00e9l\u00e8ves (format .pdf)<\/a><\/p>\n<\/blockquote>\n","protected":false},"excerpt":{"rendered":"<p>Documentation Parents d\u00e9l\u00e9gu\u00e9sLyc\u00e9e professionnel F\u00e9lix Le Dantec Retrouvez ci-dessous l&rsquo;ensemble de la documentation qui vous est n\u00e9cessaire, en tant que &hellip; <\/p>\n<p><a class=\"more-link btn\" href=\"https:\/\/www.perl-asso22.fr\/?page_id=1201\">Lire la suite<\/a><\/p>\n","protected":false},"author":1,"featured_media":0,"parent":1129,"menu_order":2,"comment_status":"closed","ping_status":"closed","template":"","meta":{"iawp_total_views":27,"footnotes":""},"class_list":["post-1201","page","type-page","status-publish","hentry","nodate","item-wrap"],"_links":{"self":[{"href":"https:\/\/www.perl-asso22.fr\/index.php?rest_route=\/wp\/v2\/pages\/1201","targetHints":{"allow":["GET"]}}],"collection":[{"href":"https:\/\/www.perl-asso22.fr\/index.php?rest_route=\/wp\/v2\/pages"}],"about":[{"href":"https:\/\/www.perl-asso22.fr\/index.php?rest_route=\/wp\/v2\/types\/page"}],"author":[{"embeddable":true,"href":"https:\/\/www.perl-asso22.fr\/index.php?rest_route=\/wp\/v2\/users\/1"}],"replies":[{"embeddable":true,"href":"https:\/\/www.perl-asso22.fr\/index.php?rest_route=%2Fwp%2Fv2%2Fcomments&post=1201"}],"version-history":[{"count":11,"href":"https:\/\/www.perl-asso22.fr\/index.php?rest_route=\/wp\/v2\/pages\/1201\/revisions"}],"predecessor-version":[{"id":2299,"href":"https:\/\/www.perl-asso22.fr\/index.php?rest_route=\/wp\/v2\/pages\/1201\/revisions\/2299"}],"up":[{"embeddable":true,"href":"https:\/\/www.perl-asso22.fr\/index.php?rest_route=\/wp\/v2\/pages\/1129"}],"wp:attachment":[{"href":"https:\/\/www.perl-asso22.fr\/index.php?rest_route=%2Fwp%2Fv2%2Fmedia&parent=1201"}],"curies":[{"name":"wp","href":"https:\/\/api.w.org\/{rel}","templated":true}]}}