{"id":1149,"date":"2025-06-11T09:43:48","date_gmt":"2025-06-11T07:43:48","guid":{"rendered":"https:\/\/perl-asso22.fr\/site2025\/?page_id=1149"},"modified":"2025-06-20T15:07:01","modified_gmt":"2025-06-20T13:07:01","slug":"1149-2","status":"publish","type":"page","link":"https:\/\/www.perl-asso22.fr\/?page_id=1149","title":{"rendered":"Aides Sociales"},"content":{"rendered":"\n<h3 class=\"wp-block-heading has-text-align-center has-text-color has-link-color wp-elements-45beeaa438becbe90ee9a781db67bda5\" style=\"color:#d28a42\">AIDES SOCIALES<\/h3>\n\n\n\n<hr class=\"wp-block-separator has-alpha-channel-opacity\"\/>\n\n\n\n<p class=\"has-text-color has-link-color has-large-font-size wp-elements-21c630bcae3a3a3ef716520afbfec4ca\" style=\"color:#d28a42\"><strong>I. Contacts<\/strong><\/p>\n\n\n\n<figure class=\"wp-block-table aligncenter is-style-regular\"><table class=\"has-white-color has-text-color has-background has-link-color\" style=\"background-color:#293f56\"><tbody><tr><td class=\"has-text-align-left\" data-align=\"left\">GUYADER Sylvie<\/td><td class=\"has-text-align-center\" data-align=\"center\">Assistante Sociale Lyc\u00e9e Pro F\u00e9lix Le Dantec<\/td><td class=\"has-text-align-center\" data-align=\"center\">0613560232<\/td><td class=\"has-text-align-left\" data-align=\"left\"><\/td><\/tr><tr><td class=\"has-text-align-left\" data-align=\"left\">GALLINI\u00c8RE C\u00e9cile<\/td><td class=\"has-text-align-center\" data-align=\"center\">Psychologue ENEDO<\/td><td class=\"has-text-align-center\" data-align=\"center\">0673095395<\/td><td class=\"has-text-align-left\" data-align=\"left\">cecile.galliniere@as-rennes.fr<\/td><\/tr><tr><td class=\"has-text-align-left\" data-align=\"left\">VANESSE Val\u00e9rie<\/td><td class=\"has-text-align-center\" data-align=\"center\">Psychologue ENEDO<\/td><td class=\"has-text-align-center\" data-align=\"center\">0674931765<\/td><td class=\"has-text-align-left\" data-align=\"left\">valerie.vanesse@ac-rennes.fr<\/td><\/tr><\/tbody><\/table><\/figure>\n\n\n\n<style>\n@media (max-width: 767px) {\n  table {\n    font-size: 9px;\n    margin: auto;\n  }\n}\ntable {\n  width: 70%;\n  margin: auto;\n}\na {\n  color: white;\n}\n<\/style>\n\n\n\n<hr class=\"wp-block-separator has-alpha-channel-opacity\"\/>\n\n\n\n<p class=\"has-text-color has-link-color has-large-font-size wp-elements-17f2d063f16f7c9a38d0c6525382283f\" style=\"color:#d28a42\"><strong>II. Fond Social<\/strong><\/p>\n\n\n\n<p class=\"has-text-color has-link-color wp-elements-3c4cfe0633f7136d0d577609758fb7ce\" style=\"color:#d28a42\"><strong>IMPORTANT : Le fond social lyc\u00e9en peut apporter une aide financi\u00e8re aux familles en difficult\u00e9 ou boursi\u00e8re.<\/strong><\/p>\n\n\n\n<p>Le dossier ce dossier doit \u00eatre transmis sous pli confidentiel \u00e0 l\u2019attention de Madame La Proviseure de l\u2019\u00e9tablissement scolaire soit par courrier, soit par l\u2019interm\u00e9diaire de votre enfant.<\/p>\n\n\n\n<p>Le dossier est disponible en t\u00e9l\u00e9chargement ci-dessous (en plusieurs formats) :<\/p>\n\n\n\n<p class=\"list-1 has-vivid-cyan-blue-color has-text-color has-link-color wp-elements-2ef597e1e1cbbfde01008b343cbade45\">&#8211; <a href=\"https:\/\/www.perl-asso22.fr\/Dossier%20Fonds%20Social%20Lyc%C3%A9e%202024-2025.docx\" target=\"_blank\" rel=\"noreferrer noopener\">Demande de Fonds sociaux 2024-2025 (au format DOCX),<\/a><br>&#8211; <a href=\"https:\/\/www.perl-asso22.fr\/Dossier%20Fonds%20Social%20Lyc%C3%A9e%202024-2025.odt\" target=\"_blank\" rel=\"noreferrer noopener\">Demande de Fonds sociaux 2024-2025 (au format ODT),<\/a><br>&#8211; <a href=\"https:\/\/www.perl-asso22.fr\/Dossier%20Fonds%20Social%20Lyc%C3%A9e%202024-2025.pdf\" target=\"_blank\" rel=\"noreferrer noopener\">Demande de Fonds sociaux 2024-2025 (au format PDF).<\/a><\/p>\n\n\n\n<p>Vous pouvez \u00e9galement obtenir des informations et de l&rsquo;aide aupr\u00e8s du Pass&rsquo;Age. Du soutien psychologique, addictions, accompagnement du deuil.<br>Consultez la brochure \u00ab\u00a0R\u00e9pertoire des dispositifs d&rsquo;\u00e9coute jeunes\u00a0\u00bb du d\u00e9partement des C\u00f4tes d&rsquo;Armor en cliquant sur l&rsquo;image ci-dessous :<\/p>\n\n\n<div class=\"wp-block-image\">\n<figure class=\"aligncenter\"><a href=\"https:\/\/www.perl-asso22.fr\/dispositif_ecoute_22.pdf\" target=\"_blank\" rel=\"noreferrer noopener\"><img decoding=\"async\" src=\"https:\/\/www.perl-asso22.fr\/img_ecoute.jpg\" alt=\"dispositifs d'\u00e9coute\"\/><\/a><\/figure>\n<\/div>","protected":false},"excerpt":{"rendered":"<p>AIDES SOCIALES I. Contacts GUYADER Sylvie Assistante Sociale Lyc\u00e9e Pro F\u00e9lix Le Dantec 0613560232 GALLINI\u00c8RE C\u00e9cile Psychologue ENEDO 0673095395 cecile.galliniere@as-rennes.fr &hellip; <\/p>\n<p><a class=\"more-link btn\" href=\"https:\/\/www.perl-asso22.fr\/?page_id=1149\">Lire la suite<\/a><\/p>\n","protected":false},"author":1,"featured_media":0,"parent":1125,"menu_order":2,"comment_status":"closed","ping_status":"closed","template":"","meta":{"iawp_total_views":55,"footnotes":""},"class_list":["post-1149","page","type-page","status-publish","hentry","nodate","item-wrap"],"_links":{"self":[{"href":"https:\/\/www.perl-asso22.fr\/index.php?rest_route=\/wp\/v2\/pages\/1149","targetHints":{"allow":["GET"]}}],"collection":[{"href":"https:\/\/www.perl-asso22.fr\/index.php?rest_route=\/wp\/v2\/pages"}],"about":[{"href":"https:\/\/www.perl-asso22.fr\/index.php?rest_route=\/wp\/v2\/types\/page"}],"author":[{"embeddable":true,"href":"https:\/\/www.perl-asso22.fr\/index.php?rest_route=\/wp\/v2\/users\/1"}],"replies":[{"embeddable":true,"href":"https:\/\/www.perl-asso22.fr\/index.php?rest_route=%2Fwp%2Fv2%2Fcomments&post=1149"}],"version-history":[{"count":15,"href":"https:\/\/www.perl-asso22.fr\/index.php?rest_route=\/wp\/v2\/pages\/1149\/revisions"}],"predecessor-version":[{"id":2017,"href":"https:\/\/www.perl-asso22.fr\/index.php?rest_route=\/wp\/v2\/pages\/1149\/revisions\/2017"}],"up":[{"embeddable":true,"href":"https:\/\/www.perl-asso22.fr\/index.php?rest_route=\/wp\/v2\/pages\/1125"}],"wp:attachment":[{"href":"https:\/\/www.perl-asso22.fr\/index.php?rest_route=%2Fwp%2Fv2%2Fmedia&parent=1149"}],"curies":[{"name":"wp","href":"https:\/\/api.w.org\/{rel}","templated":true}]}}