{"id":1135,"date":"2025-06-10T10:52:25","date_gmt":"2025-06-10T08:52:25","guid":{"rendered":"https:\/\/perl-asso22.fr\/site2025\/?page_id=1135"},"modified":"2026-01-14T14:44:57","modified_gmt":"2026-01-14T13:44:57","slug":"le-bureau","status":"publish","type":"page","link":"https:\/\/www.perl-asso22.fr\/?page_id=1135","title":{"rendered":"Bureau &#038; Comit\u00e9"},"content":{"rendered":"\n<h3 class=\"wp-block-heading has-text-align-center has-text-color has-link-color wp-elements-ef2d4bb815329b371051574f0b8a8019\" style=\"color:#d28a42\">LE BUREAU<\/h3>\n\n\n\n<hr class=\"wp-block-separator has-alpha-channel-opacity\"\/>\n\n\n\n<div class=\"wp-block-group has-small-font-size is-layout-grid wp-container-core-group-is-layout-baef362d wp-block-group-is-layout-grid\">\n<p class=\"has-text-align-center wp-container-content-5e2576f9\" style=\"font-size:18px\"><strong><span style=\"text-decoration: underline;\">PR\u00c9SIDENT<\/span> :<\/strong><\/p>\n\n\n\n<p class=\"has-text-align-center wp-container-content-5e2576f9\" style=\"font-size:18px;text-transform:uppercase\"><strong><span style=\"text-decoration: underline;\">Tr\u00e9sori\u00e8re<\/span> :<\/strong><\/p>\n\n\n\n<figure class=\"wp-block-image size-thumbnail wp-container-content-5e2576f9\"><img loading=\"lazy\" decoding=\"async\" width=\"150\" height=\"150\" src=\"https:\/\/www.perl-asso22.fr\/wp-content\/uploads\/2025\/06\/image_president-150x150.png\" alt=\"\" class=\"wp-image-1752\" style=\"object-fit:cover\" srcset=\"https:\/\/www.perl-asso22.fr\/wp-content\/uploads\/2025\/06\/image_president-150x150.png 150w, https:\/\/www.perl-asso22.fr\/wp-content\/uploads\/2025\/06\/image_president.png 175w\" sizes=\"auto, (max-width: 150px) 100vw, 150px\" \/><figcaption class=\"wp-element-caption\"><strong><mark style=\"background-color:rgba(0, 0, 0, 0)\" class=\"has-inline-color has-white-color\">Jean-Marie CLEMENT<\/mark><mark style=\"background-color:rgba(0, 0, 0, 0);color:#d28a42\" class=\"has-inline-color\"><br>president@perl-asso22.fr<\/mark><\/strong><\/figcaption><\/figure>\n\n\n\n<figure class=\"wp-block-image size-thumbnail\"><img loading=\"lazy\" decoding=\"async\" width=\"150\" height=\"150\" src=\"https:\/\/www.perl-asso22.fr\/wp-content\/uploads\/2025\/06\/placeholder-portrait-150x150.png\" alt=\"\" class=\"wp-image-1694\" style=\"object-fit:cover\"\/><figcaption class=\"wp-element-caption\"><strong><mark style=\"background-color:rgba(0, 0, 0, 0)\" class=\"has-inline-color has-white-color\">C\u00e9line TRUSSART<\/mark><\/strong><\/figcaption><\/figure>\n\n\n\n<div style=\"height:20px\" aria-hidden=\"true\" class=\"wp-block-spacer\"><\/div>\n\n\n\n<div style=\"height:20px\" aria-hidden=\"true\" class=\"wp-block-spacer\"><\/div>\n\n\n\n<p class=\"has-text-align-center wp-container-content-5e2576f9\" style=\"font-size:18px\"><strong><span style=\"text-decoration: underline;\">SECR\u00c9TAIRE<\/span><\/strong> <strong>:<\/strong><\/p>\n\n\n\n<p class=\"has-text-align-center wp-container-content-5e2576f9\" style=\"font-size:18px\"><strong><span style=\"text-decoration: underline;\">BIBLIOTH\u00c9CAIRE<\/span> :<\/strong><\/p>\n\n\n\n<figure class=\"wp-block-image size-thumbnail\"><img loading=\"lazy\" decoding=\"async\" width=\"150\" height=\"150\" src=\"https:\/\/www.perl-asso22.fr\/wp-content\/uploads\/2025\/06\/placeholder-portrait-150x150.png\" alt=\"\" class=\"wp-image-1694\" style=\"object-fit:cover\"\/><figcaption class=\"wp-element-caption\"><strong><mark style=\"background-color:rgba(0, 0, 0, 0)\" class=\"has-inline-color has-white-color\">Sylvia LE GOFF<\/mark><\/strong><\/figcaption><\/figure>\n\n\n\n<figure class=\"wp-block-image size-thumbnail wp-container-content-5e2576f9\"><img loading=\"lazy\" decoding=\"async\" width=\"150\" height=\"150\" src=\"https:\/\/www.perl-asso22.fr\/wp-content\/uploads\/2025\/06\/placeholder-portrait-150x150.png\" alt=\"\" class=\"wp-image-1694\" style=\"object-fit:cover\"\/><figcaption class=\"wp-element-caption\"><strong><mark style=\"background-color:rgba(0, 0, 0, 0)\" class=\"has-inline-color has-white-color\">Olivier MACE<br><\/mark><mark style=\"background-color:rgba(0, 0, 0, 0);color:#d28a42\" class=\"has-inline-color\">perl.asso22@gmail.com<\/mark><\/strong><\/figcaption><\/figure>\n<\/div>\n\n\n\n<style>\n@media (min-width: 767px) {\n  div.wp-block-group {\n    width: 50%;\n    margin: auto;\n  }\n}\nimg {\n  display: block;\n  margin: auto;\n}\n<\/style>\n\n\n\n<hr class=\"wp-block-separator has-alpha-channel-opacity\"\/>\n\n\n\n<h3 class=\"wp-block-heading has-text-align-center has-text-color has-link-color wp-elements-7a0273d938862d91a792d556be191b52\" style=\"color:#d28a42\">LE COMIT\u00c9 :<\/h3>\n\n\n\n<div style=\"height:30px\" aria-hidden=\"true\" class=\"wp-block-spacer\"><\/div>\n\n\n\n<figure class=\"wp-block-table aligncenter is-style-regular\"><table class=\"has-white-color has-text-color has-background has-link-color\" style=\"background-color:#3d4e6a\"><tbody><tr><td class=\"has-text-align-left\" data-align=\"left\">CHIFFRE \u00c9liane<\/td><td class=\"has-text-align-center\" data-align=\"center\">Lyc\u00e9e G&amp;T F\u00e9lix Le Dantec<\/td><td class=\"has-text-align-left\" data-align=\"left\"><\/td><\/tr><tr><td class=\"has-text-align-left\" data-align=\"left\">CLEMENT Jean-Marie<\/td><td class=\"has-text-align-center\" data-align=\"center\">Lyc\u00e9e G&amp;T F\u00e9lix Le Dantec<\/td><td class=\"has-text-align-left\" data-align=\"left\">president@perl-asso22.fr<\/td><\/tr><tr><td class=\"has-text-align-left\" data-align=\"left\">DOSSER Anne<\/td><td class=\"has-text-align-center\" data-align=\"center\">Lyc\u00e9e G&amp;T F\u00e9lix Le Dantec<\/td><td class=\"has-text-align-left\" data-align=\"left\"><\/td><\/tr><tr><td class=\"has-text-align-left\" data-align=\"left\">GOUMBALLE Ahlem<\/td><td class=\"has-text-align-center\" data-align=\"center\">Lyc\u00e9e G&amp;T F\u00e9lix Le Dantec<br>Coll\u00e8ge Charles Le Goffic<\/td><td class=\"has-text-align-left\" data-align=\"left\"><\/td><\/tr><tr><td class=\"has-text-align-left\" data-align=\"left\">MACE Olivier<\/td><td class=\"has-text-align-center\" data-align=\"center\">Lyc\u00e9es &amp; Coll\u00e8ges<\/td><td class=\"has-text-align-left\" data-align=\"left\">perl.asso22@gmail.com<\/td><\/tr><tr><td class=\"has-text-align-left\" data-align=\"left\">LE JANNOU Virginie<\/td><td class=\"has-text-align-center\" data-align=\"center\">Coll\u00e8ge Les Sept Iles (Responsable)<\/td><td class=\"has-text-align-left\" data-align=\"left\">perlcollege7ilesperros@gmail.com<\/td><\/tr><tr><td class=\"has-text-align-left\" data-align=\"left\">LE GOFF Sylvia<\/td><td class=\"has-text-align-center\" data-align=\"center\">Lyc\u00e9e G&amp;T F\u00e9lix Le Dantec<\/td><td class=\"has-text-align-left\" data-align=\"left\"><\/td><\/tr><tr><td class=\"has-text-align-left\" data-align=\"left\">LELIEVRE Fr\u00e9d\u00e9ric<\/td><td class=\"has-text-align-center\" data-align=\"center\">Lyc\u00e9e Pro F\u00e9lix Le Dantec<\/td><td class=\"has-text-align-left\" data-align=\"left\"><\/td><\/tr><tr><td class=\"has-text-align-left\" data-align=\"left\">LELIEVRE V\u00e9ronique<\/td><td class=\"has-text-align-center\" data-align=\"center\">Lyc\u00e9e Pro F\u00e9lix Le Dantec<\/td><td class=\"has-text-align-left\" data-align=\"left\"><\/td><\/tr><tr><td class=\"has-text-align-left\" data-align=\"left\">MALAL \u00c9va<\/td><td class=\"has-text-align-center\" data-align=\"center\">Lyc\u00e9e Pro F\u00e9lix Le Dantec<\/td><td class=\"has-text-align-left\" data-align=\"left\"><\/td><\/tr><tr><td class=\"has-text-align-left\" data-align=\"left\">MARINO V\u00e9ronique<\/td><td class=\"has-text-align-center\" data-align=\"center\">Lyc\u00e9e Pro F\u00e9lix Le Dantec<\/td><td class=\"has-text-align-left\" data-align=\"left\"><\/td><\/tr><tr><td class=\"has-text-align-left\" data-align=\"left\">TACONNE Marie<\/td><td class=\"has-text-align-center\" data-align=\"center\">Lyc\u00e9e G&amp;T F\u00e9lix Le Dantec<\/td><td class=\"has-text-align-left\" data-align=\"left\"><\/td><\/tr><tr><td class=\"has-text-align-left\" data-align=\"left\">TRUSSART C\u00e9line<\/td><td class=\"has-text-align-center\" data-align=\"center\">Lyc\u00e9e G&amp;T F\u00e9lix Le Dantec<\/td><td class=\"has-text-align-left\" data-align=\"left\"><\/td><\/tr><tr><td class=\"has-text-align-left\" data-align=\"left\">VAILLANT Marina<\/td><td class=\"has-text-align-center\" data-align=\"center\">Coll\u00e8ge Charles Le Goffic (Responsable)<br>Lyc\u00e9e G&amp;T F\u00e9lix Le Dantec<\/td><td class=\"has-text-align-left\" data-align=\"left\">perl_college_clg@yahoo.com<\/td><\/tr><\/tbody><\/table><\/figure>\n\n\n\n<style>\n@media (max-width: 767px) {\n  table {\n    font-size: 9px;\n    margin: auto;\n  }\n}\ntable {\n  width: 70%;\n  margin: auto;\n}\n<\/style>\n","protected":false},"excerpt":{"rendered":"<p>LE BUREAU PR\u00c9SIDENT : Tr\u00e9sori\u00e8re : SECR\u00c9TAIRE : BIBLIOTH\u00c9CAIRE : LE COMIT\u00c9 : CHIFFRE \u00c9liane Lyc\u00e9e G&amp;T F\u00e9lix Le Dantec &hellip; <\/p>\n<p><a class=\"more-link btn\" href=\"https:\/\/www.perl-asso22.fr\/?page_id=1135\">Lire la suite<\/a><\/p>\n","protected":false},"author":1,"featured_media":0,"parent":1118,"menu_order":1,"comment_status":"closed","ping_status":"closed","template":"","meta":{"iawp_total_views":186,"footnotes":""},"class_list":["post-1135","page","type-page","status-publish","hentry","nodate","item-wrap"],"_links":{"self":[{"href":"https:\/\/www.perl-asso22.fr\/index.php?rest_route=\/wp\/v2\/pages\/1135","targetHints":{"allow":["GET"]}}],"collection":[{"href":"https:\/\/www.perl-asso22.fr\/index.php?rest_route=\/wp\/v2\/pages"}],"about":[{"href":"https:\/\/www.perl-asso22.fr\/index.php?rest_route=\/wp\/v2\/types\/page"}],"author":[{"embeddable":true,"href":"https:\/\/www.perl-asso22.fr\/index.php?rest_route=\/wp\/v2\/users\/1"}],"replies":[{"embeddable":true,"href":"https:\/\/www.perl-asso22.fr\/index.php?rest_route=%2Fwp%2Fv2%2Fcomments&post=1135"}],"version-history":[{"count":96,"href":"https:\/\/www.perl-asso22.fr\/index.php?rest_route=\/wp\/v2\/pages\/1135\/revisions"}],"predecessor-version":[{"id":2453,"href":"https:\/\/www.perl-asso22.fr\/index.php?rest_route=\/wp\/v2\/pages\/1135\/revisions\/2453"}],"up":[{"embeddable":true,"href":"https:\/\/www.perl-asso22.fr\/index.php?rest_route=\/wp\/v2\/pages\/1118"}],"wp:attachment":[{"href":"https:\/\/www.perl-asso22.fr\/index.php?rest_route=%2Fwp%2Fv2%2Fmedia&parent=1135"}],"curies":[{"name":"wp","href":"https:\/\/api.w.org\/{rel}","templated":true}]}}