{"id":1125,"date":"2025-06-10T10:38:44","date_gmt":"2025-06-10T08:38:44","guid":{"rendered":"https:\/\/perl-asso22.fr\/site2025\/?page_id=1125"},"modified":"2026-02-13T15:09:39","modified_gmt":"2026-02-13T14:09:39","slug":"lycees","status":"publish","type":"page","link":"https:\/\/www.perl-asso22.fr\/?page_id=1125","title":{"rendered":"Lyc\u00e9es"},"content":{"rendered":"\n<meta http-equiv=\"refresh\" content=\"0; url=https:\/\/perl-asso22.fr\/?page_id=1110\/\" \/>\n\n\n\n<h3 class=\"wp-block-heading has-text-align-center has-text-color has-link-color wp-elements-15ce08be279de4276605d4b5680e7b18\" style=\"color:#d28a42\">ADH\u00c9SION &amp; <strong>LOCATION MANUELS SCOLAIRES<\/strong><br>LYC\u00c9E G\u00c9N\u00c9RAL ET TECHNOLOGIQUE F\u00c9LIX LE DANTEC<\/h3>\n\n\n\n<hr class=\"wp-block-separator has-alpha-channel-opacity\"\/>\n\n\n\n<p class=\"has-text-align-left has-text-color has-link-color wp-elements-7d2983e13acfbaf4188d1fde3a3036da\" style=\"color:#d28a42\"><span style=\"text-decoration: underline;\"><strong>Mise \u00e0 disposition de manuels scolaires :<\/strong><\/span><\/p>\n\n\n\n<p class=\"has-text-align-left has-background-color has-text-color has-link-color wp-elements-6325e58fa5ddcc53311776e7fb09ece0\">Ces derni\u00e8res ann\u00e9es, la PERL vous permettait de disposer de l&rsquo;ensemble des collections de livres pour le montant de l&rsquo;adh\u00e9sion \u00e0 l\u2019association.<br>Au fil du temps, l&rsquo;aide accord\u00e9e par la R\u00e9gion Bretagne, subventionnant l&rsquo;achat de manuels, est all\u00e9e en diminuant, affect\u00e9e \u00e0 d&rsquo;autres priorit\u00e9s.<br>La R\u00e9gion Bretagne versait 50\u20ac\/\u00e9l\u00e8ve en 2021 ; 15\u20ac\/\u00e9l\u00e8ve en 2023.<br>Depuis la rentr\u00e9e 2024\/2025, notre subvention r\u00e9gionale est totalement supprim\u00e9e.<\/p>\n\n\n\n<p class=\"has-text-align-left has-background-color has-text-color has-link-color wp-elements-d894bbbbc6a4699f2061eb85cbefe672\">Les associations de parents, qui g\u00e8rent le pr\u00eat des livres scolaires, ont donc demand\u00e9 au lyc\u00e9e de limiter au maximum l\u2019achat de nouveaux manuels, et de s\u2019en tenir \u00e0 ceux consid\u00e9r\u00e9s comme indispensables.<\/p>\n\n\n\n<p class=\"has-text-align-left has-text-color has-link-color wp-elements-dceded979403fb7674963fcc98a47641\" style=\"color:#d28a42\"><span style=\"text-decoration: underline;\"><strong>Nos tarifs :<\/strong><\/span><\/p>\n\n\n\n<p class=\"has-text-align-left has-background-color has-text-color has-link-color wp-elements-53f3e158a7191a4cb5850ed5aa30b642\">En LGT, les tarifs 2025\/2026 sont les suivants :<\/p>\n\n\n\n<p class=\"has-text-align-left has-background-color has-text-color has-link-color wp-elements-f65bfa5b0795ef1df2cb30fc0ddc9f68\">&#8211; Pas adh\u00e9rent en 2024\/2025 (ni a coll\u00e8ge ni au lyc\u00e9e) : 45\u20ac,<br>&#8211; Adh\u00e9rent en 2024\/2025 (au coll\u00e8ge ou au lyc\u00e9e) : 40\u20ac,<br> &#8211; Je suis non imposable : 30\u20ac.<\/p>\n\n\n\n<p class=\"has-text-align-left has-background-color has-text-color has-link-color wp-elements-ed44b4b11aff9f25d0b6a34425161cf7\">Caution de 150\u20ac.<\/p>\n\n\n\n<p class=\"has-text-align-left has-background-color has-text-color has-link-color wp-elements-4df6f50ad2151a7b85e70bdd91460229\">Pour la fili\u00e8re STMG (utilisant des fichiers livres non r\u00e9utilisables), une participation financi\u00e8re suppl\u00e9mentaire est demand\u00e9e :<\/p>\n\n\n\n<p class=\"has-background-color has-text-color has-link-color wp-elements-2a068f067bae29745d400df046f50c7c\">&#8211; 1\u00e8re STMG 1 (3 pochettes) : 52\u20ac.<br> &#8211; 1\u00e8re STMG 2 (4 pochettes) : 68\u20ac.<br> &#8211; Term STMG 1 et 2 (4 pochettes) : 72\u20ac.<\/p>\n\n\n\n<p class=\"has-text-align-left has-vivid-cyan-blue-color has-text-color has-link-color wp-elements-3ca266752122c21e1da3570ba454f08b\"><a href=\"http:\/\/perl-asso22.fr\/wp-content\/uploads\/2025\/06\/PERL-Fiche-adh.-2025-2026-p1a4-LGT_COULEUR-VF.pdf\" data-type=\"link\" data-id=\"http:\/\/perl-asso22.fr\/wp-content\/uploads\/2025\/06\/PERL-Fiche-adh.-2025-2026-p1a4-LGT_COULEUR-VF.pdf\" target=\"_blank\" rel=\"noreferrer noopener\">T\u00e9l\u00e9chargez le dossier d&rsquo;adh\u00e9sion 2025\/2026 pour le Lyc\u00e9e G\u00e9n\u00e9ral &amp; Technologique (LGT).<\/a><\/p>\n","protected":false},"excerpt":{"rendered":"<p>ADH\u00c9SION &amp; LOCATION MANUELS SCOLAIRESLYC\u00c9E G\u00c9N\u00c9RAL ET TECHNOLOGIQUE F\u00c9LIX LE DANTEC Mise \u00e0 disposition de manuels scolaires : Ces derni\u00e8res &hellip; <\/p>\n<p><a class=\"more-link btn\" href=\"https:\/\/www.perl-asso22.fr\/?page_id=1125\">Lire la suite<\/a><\/p>\n","protected":false},"author":1,"featured_media":0,"parent":0,"menu_order":5,"comment_status":"closed","ping_status":"closed","template":"","meta":{"iawp_total_views":23,"footnotes":""},"class_list":["post-1125","page","type-page","status-publish","hentry","nodate","item-wrap"],"_links":{"self":[{"href":"https:\/\/www.perl-asso22.fr\/index.php?rest_route=\/wp\/v2\/pages\/1125","targetHints":{"allow":["GET"]}}],"collection":[{"href":"https:\/\/www.perl-asso22.fr\/index.php?rest_route=\/wp\/v2\/pages"}],"about":[{"href":"https:\/\/www.perl-asso22.fr\/index.php?rest_route=\/wp\/v2\/types\/page"}],"author":[{"embeddable":true,"href":"https:\/\/www.perl-asso22.fr\/index.php?rest_route=\/wp\/v2\/users\/1"}],"replies":[{"embeddable":true,"href":"https:\/\/www.perl-asso22.fr\/index.php?rest_route=%2Fwp%2Fv2%2Fcomments&post=1125"}],"version-history":[{"count":7,"href":"https:\/\/www.perl-asso22.fr\/index.php?rest_route=\/wp\/v2\/pages\/1125\/revisions"}],"predecessor-version":[{"id":1969,"href":"https:\/\/www.perl-asso22.fr\/index.php?rest_route=\/wp\/v2\/pages\/1125\/revisions\/1969"}],"wp:attachment":[{"href":"https:\/\/www.perl-asso22.fr\/index.php?rest_route=%2Fwp%2Fv2%2Fmedia&parent=1125"}],"curies":[{"name":"wp","href":"https:\/\/api.w.org\/{rel}","templated":true}]}}